{"id":71320,"date":"2021-07-12T22:19:29","date_gmt":"2021-07-12T20:19:34","guid":{"rendered":"https:\/\/www.laperlavalles2.bcntic.com\/product\/tint-bigen-96\/"},"modified":"2024-07-10T10:23:26","modified_gmt":"2024-07-10T08:23:26","slug":"tint-bigen-96","status":"publish","type":"product","link":"https:\/\/www.laperlavalles.cat\/ca\/producte\/tint-bigen-96\/","title":{"rendered":"BIGEN TINT PERMANENT EN POLS BURDEUS FOSC &#8211; N\u00ba96"},"content":{"rendered":"<p>Bigen Permanent Powder \u00e9s un tint de dip\u00f2sit que no requereix una acci\u00f3 d&#8217;esbandida per enfosquir els cabells. Mentre que alguns tints permanents ordinaris utilitzen innecess\u00e0riament ambdues accions, el senzill sistema de coloraci\u00f3 de Bigen suposa un menor mal per als cabells. La coloraci\u00f3 permanent en pols Bigen deixa el cabell suau, natural i brillant.<\/p>\n","protected":false},"excerpt":{"rendered":"<p>Bigen Permanent Powder \u00e9s un tint de dip\u00f2sit que no requereix una acci\u00f3 d&#8217;esbandida per enfosquir els cabells. Mentre que alguns tints permanents ordinaris utilitzen innecess\u00e0riament<span class=\"excerpt-hellip\"> [\u2026]<\/span><\/p>\n","protected":false},"featured_media":165345,"comment_status":"open","ping_status":"closed","template":"","meta":[],"product_cat":[8423,24329],"product_tag":[],"_links":{"self":[{"href":"https:\/\/www.laperlavalles.cat\/ca\/wp-json\/wp\/v2\/product\/71320"}],"collection":[{"href":"https:\/\/www.laperlavalles.cat\/ca\/wp-json\/wp\/v2\/product"}],"about":[{"href":"https:\/\/www.laperlavalles.cat\/ca\/wp-json\/wp\/v2\/types\/product"}],"replies":[{"embeddable":true,"href":"https:\/\/www.laperlavalles.cat\/ca\/wp-json\/wp\/v2\/comments?post=71320"}],"wp:featuredmedia":[{"embeddable":true,"href":"https:\/\/www.laperlavalles.cat\/ca\/wp-json\/wp\/v2\/media\/165345"}],"wp:attachment":[{"href":"https:\/\/www.laperlavalles.cat\/ca\/wp-json\/wp\/v2\/media?parent=71320"}],"wp:term":[{"taxonomy":"product_cat","embeddable":true,"href":"https:\/\/www.laperlavalles.cat\/ca\/wp-json\/wp\/v2\/product_cat?post=71320"},{"taxonomy":"product_tag","embeddable":true,"href":"https:\/\/www.laperlavalles.cat\/ca\/wp-json\/wp\/v2\/product_tag?post=71320"}],"curies":[{"name":"wp","href":"https:\/\/api.w.org\/{rel}","templated":true}]}}