{"id":41,"date":"2016-10-12T13:11:57","date_gmt":"2016-10-12T11:11:57","guid":{"rendered":"http:\/\/themes.muffingroup.com\/be\/herbal\/shop\/"},"modified":"2021-06-16T17:13:37","modified_gmt":"2021-06-16T15:13:37","slug":"productos","status":"publish","type":"page","link":"https:\/\/www.laperlavalles.cat\/es\/productos\/","title":{"rendered":"Productos"},"content":{"rendered":"<p>[vc_row css=\u00bb.vc_custom_1620774164870{margin-top: 30px !important;}\u00bb][vc_column][vc_custom_heading text=\u00bbSi eres distribuidor o mayorista, ahora puedes consultar nuestro cat\u00e1logo completo aqu\u00ed\u00bb font_container=\u00bbtag:h2|font_size:22px|text_align:center|color:%23333333|line_height:1.6&#8243; google_fonts=\u00bbfont_family:Roboto%20Slab%3A100%2C300%2Cregular%2C700|font_style:700%20bold%20regular%3A700%3Anormal\u00bb css_animation=\u00bbfadeIn\u00bb][vc_zigzag color=\u00bbcustom\u00bb el_width=\u00bb10&#8243; el_border_width=\u00bb8&#8243; custom_color=\u00bb#a41018&#8243;][\/vc_column][\/vc_row][vc_row full_width=\u00bbstretch_row_content\u00bb equal_height=\u00bbyes\u00bb css=\u00bb.vc_custom_1620774106472{margin-top: 30px !important;}\u00bb][vc_column width=\u00bb1\/4&#8243;][vc_single_image image=\u00bb40209&#8243; img_size=\u00bbfull\u00bb alignment=\u00bbcenter\u00bb onclick=\u00bbcustom_link\u00bb link=\u00bb\/es\/tienda\/bebidas\/\u00bb][vc_custom_heading text=\u00bbBEBIDAS\u00bb font_container=\u00bbtag:h2|font_size:22px|text_align:center|color:%23a41018|line_height:1.6&#8243; google_fonts=\u00bbfont_family:Roboto%3A100%2C100italic%2C300%2C300italic%2Cregular%2Citalic%2C500%2C500italic%2C700%2C700italic%2C900%2C900italic|font_style:500%20bold%20regular%3A500%3Anormal\u00bb][vc_column_text el_class=\u00bbtext-justificat\u00bb]La Perla distribuye bebidas de importaci\u00f3n: cervezas de marcas l\u00edderes en el mercado como Guinness, bebidas de malta, bebidas refrescantes, zumos de frutas\u2026[read_more id=\u00bb1&#8243; more=\u00bbLeer m\u00e1s\u00bb less=\u00bbLeer menos\u00bb]Contamos tambi\u00e9n con jarabes de fruta, esencias culinarias, infusiones, e incluso con bebidas naturales como el agua de coco y bebida de coco The Elements. Refrescos y bebidas instant\u00e1neas para acompa\u00f1ar las comidas o fiestas y siropes o esencias para usar en cocina o cockteleria. M\u00e1s de 100 referencias en bebidas avalan nuestro cat\u00e1logo y est\u00e1n disponibles para los lineales de tiendas y supermercados. Todas ellas forman parte de nuestro cat\u00e1logo de productos \u00e9tnicos, productos de importaci\u00f3n y alimentaci\u00f3n global.[\/read_more][\/vc_column_text][\/vc_column][vc_column width=\u00bb1\/4&#8243;][vc_single_image image=\u00bb40229&#8243; img_size=\u00bbfull\u00bb alignment=\u00bbcenter\u00bb onclick=\u00bbcustom_link\u00bb link=\u00bb\/es\/tienda\/desayunos-y-postres\/\u00bb][vc_custom_heading text=\u00bbDESAYUNOS Y POSTRES\u00bb font_container=\u00bbtag:h2|font_size:22px|text_align:center|color:%23a41018|line_height:1.6&#8243; google_fonts=\u00bbfont_family:Roboto%3A100%2C100italic%2C300%2C300italic%2Cregular%2Citalic%2C500%2C500italic%2C700%2C700italic%2C900%2C900italic|font_style:500%20bold%20regular%3A500%3Anormal\u00bb][vc_column_text el_class=\u00bbtext-justificat\u00bb]La Perla dispone de un amplio cat\u00e1logo de productos alimenticios globales para desayunos y postres. Complementos a los desayunos como caf\u00e9 Touba, productos l\u00e1cteos, mantequillas&#8230; [read_more id=\u00bb1&#8243; more=\u00bbLeer m\u00e1s\u00bb less=\u00bbLeer menos\u00bb]Todos los productos forman parte de nuestro cat\u00e1logo de productos \u00e9tnicos, productos de importaci\u00f3n y alimentaci\u00f3n global. Si tienes una tienda, eres mayorista o distribuidor y te interesan los productos alimenticios contacta con nosotros.[\/read_more][\/vc_column_text][\/vc_column][vc_column width=\u00bb1\/4&#8243;][vc_single_image image=\u00bb40273&#8243; img_size=\u00bbfull\u00bb alignment=\u00bbcenter\u00bb onclick=\u00bbcustom_link\u00bb link=\u00bb\/es\/tienda\/snacks\/\u00bb][vc_custom_heading text=\u00bbSKACKS\u00bb font_container=\u00bbtag:h2|font_size:22px|text_align:center|color:%23a41018|line_height:1.6&#8243; google_fonts=\u00bbfont_family:Roboto%3A100%2C100italic%2C300%2C300italic%2Cregular%2Citalic%2C500%2C500italic%2C700%2C700italic%2C900%2C900italic|font_style:500%20bold%20regular%3A500%3Anormal\u00bb][vc_column_text el_class=\u00bbtext-justificat\u00bb]La Perla ofrece un amplio surtido de snacks seleccionados uno a uno de los mejores productores internacionales con el fin de romper fronteras gastron\u00f3micas. [read_more id=\u00bb1&#8243; more=\u00bbLeer m\u00e1s\u00bb less=\u00bbLeer menos\u00bb]Contamos con un amplio surtido en chips de pl\u00e1tano, galletas internacionales, caramelos&#8230; Todos ellos forman parte de nuestro cat\u00e1logo de productos \u00e9tnicos, productos de importaci\u00f3n y alimentaci\u00f3n global.[\/read_more][\/vc_column_text][\/vc_column][vc_column width=\u00bb1\/4&#8243;][vc_single_image image=\u00bb40277&#8243; img_size=\u00bbfull\u00bb alignment=\u00bbcenter\u00bb onclick=\u00bbcustom_link\u00bb link=\u00bb\/es\/tienda\/tomate-concentrado\/\u00bb][vc_custom_heading text=\u00bbTOMATE CONCENTRADO\u00bb font_container=\u00bbtag:h2|font_size:22px|text_align:center|color:%23a41018|line_height:1.6&#8243; google_fonts=\u00bbfont_family:Roboto%3A100%2C100italic%2C300%2C300italic%2Cregular%2Citalic%2C500%2C500italic%2C700%2C700italic%2C900%2C900italic|font_style:500%20bold%20regular%3A500%3Anormal\u00bb][vc_column_text el_class=\u00bbtext-justificat\u00bb]El tomate concentrado es un ingrediente b\u00e1sico para las cocinas de todo el mundo. Un ingrediente indispensable para los conocedores de los beneficios del tomate concentrado: m\u00e1s calidad y m\u00e1s sabor.[read_more id=\u00bb1&#8243; more=\u00bbLeer m\u00e1s\u00bb less=\u00bbLeer menos\u00bb] Ideal para la preparaci\u00f3n de guisos, sopas, salsas de tomate&#8230; Si tienes un restaurante, un obrador o catering contacta con nosotros.[\/read_more][\/vc_column_text][\/vc_column][\/vc_row][vc_row full_width=\u00bbstretch_row_content\u00bb equal_height=\u00bbyes\u00bb css=\u00bb.vc_custom_1620774100587{margin-top: 60px !important;}\u00bb][vc_column width=\u00bb1\/4&#8243;][vc_single_image image=\u00bb40221&#8243; img_size=\u00bbfull\u00bb alignment=\u00bbcenter\u00bb onclick=\u00bbcustom_link\u00bb link=\u00bb\/es\/tienda\/conservas\/\u00bb][vc_custom_heading text=\u00bbCONSERVAS\u00bb font_container=\u00bbtag:h2|font_size:22px|text_align:center|color:%23a41018|line_height:1.6&#8243; google_fonts=\u00bbfont_family:Roboto%3A100%2C100italic%2C300%2C300italic%2Cregular%2Citalic%2C500%2C500italic%2C700%2C700italic%2C900%2C900italic|font_style:500%20bold%20regular%3A500%3Anormal\u00bb][vc_column_text el_class=\u00bbtext-justificat\u00bb]La Perla ofrece a sus clientes un surtido de conservas de alimentaci\u00f3n africana, conservas de alimentaci\u00f3n asi\u00e1tica, conservas de alimentaci\u00f3n sud-americana&#8230;[read_more id=\u00bb1&#8243; more=\u00bbLeer m\u00e1s\u00bb less=\u00bbLeer menos\u00bb]Las mejores conservas importadas de la cocina internacional y la comida global. Algunas conservas con el sello halal, aptas para el consumo de todas las religiones.[\/read_more][\/vc_column_text][\/vc_column][vc_column width=\u00bb1\/4&#8243;][vc_single_image image=\u00bb40269&#8243; img_size=\u00bbfull\u00bb alignment=\u00bbcenter\u00bb onclick=\u00bbcustom_link\u00bb link=\u00bb\/es\/tienda\/salsas\/\u00bb][vc_custom_heading text=\u00bbSALSAS\u00bb font_container=\u00bbtag:h2|font_size:22px|text_align:center|color:%23a41018|line_height:1.6&#8243; google_fonts=\u00bbfont_family:Roboto%3A100%2C100italic%2C300%2C300italic%2Cregular%2Citalic%2C500%2C500italic%2C700%2C700italic%2C900%2C900italic|font_style:500%20bold%20regular%3A500%3Anormal\u00bb][vc_column_text el_class=\u00bbtext-justificat\u00bb]La Perla incorpora en su cat\u00e1logo un amplio surtido de salsas, tanto salsas nacionales como salsas de importaci\u00f3n. Con ellas, podr\u00e1s realizar gustosas recetas asi\u00e1ticas, africanas, europeas y latinoamericanas. [read_more id=\u00bb1&#8243; more=\u00bbLeer m\u00e1s\u00bb less=\u00bbLeer menos\u00bb]Todas ellas forman parte de nuestro cat\u00e1logo de productos \u00e9tnicos, productos de importaci\u00f3n y alimentaci\u00f3n global. En nuestro cat\u00e1logo encontrar\u00e1s salsas varias como mostaza, salsa de ajo, lim\u00f3n exprimido, tahina&#8230;[\/read_more][\/vc_column_text][\/vc_column][vc_column width=\u00bb1\/4&#8243;][vc_single_image image=\u00bb40265&#8243; img_size=\u00bbfull\u00bb alignment=\u00bbcenter\u00bb onclick=\u00bbcustom_link\u00bb link=\u00bb\/es\/tienda\/salsas-y-alimentos-orientales\/\u00bb][vc_custom_heading text=\u00bbSALSAS Y ALIMENTOS ORIENTALES\u00bb font_container=\u00bbtag:h2|font_size:22px|text_align:center|color:%23a41018|line_height:1.6&#8243; google_fonts=\u00bbfont_family:Roboto%3A100%2C100italic%2C300%2C300italic%2Cregular%2Citalic%2C500%2C500italic%2C700%2C700italic%2C900%2C900italic|font_style:500%20bold%20regular%3A500%3Anormal\u00bb][vc_column_text el_class=\u00bbtext-justificat\u00bb]Cada vez existen menos fronteras para la cocina, por ello, La Perla distribuye una gran variedad de salsas orientales y alimentos orientales.[read_more id=\u00bb1&#8243; more=\u00bbLeer m\u00e1s\u00bb less=\u00bbLeer menos\u00bb]Todos los productos orientales y salsa orientales son de primera calidad y forman parte de nuestro cat\u00e1logo de productos \u00e9tnicos, productos de importaci\u00f3n y alimentaci\u00f3n global. La Perla es especialista en importaci\u00f3n, distribuci\u00f3n de alimentaci\u00f3n y exportaci\u00f3n de alimentaci\u00f3n.[\/read_more][\/vc_column_text][\/vc_column][vc_column width=\u00bb1\/4&#8243;][vc_single_image image=\u00bb40257&#8243; img_size=\u00bbfull\u00bb alignment=\u00bbcenter\u00bb onclick=\u00bbcustom_link\u00bb link=\u00bb\/es\/tienda\/pasta-de-cacahuete\/\u00bb][vc_custom_heading text=\u00bbPASTA DE CACAHUETE\u00bb font_container=\u00bbtag:h2|font_size:22px|text_align:center|color:%23a41018|line_height:1.6&#8243; google_fonts=\u00bbfont_family:Roboto%3A100%2C100italic%2C300%2C300italic%2Cregular%2Citalic%2C500%2C500italic%2C700%2C700italic%2C900%2C900italic|font_style:500%20bold%20regular%3A500%3Anormal\u00bb][vc_column_text el_class=\u00bbtext-justificat\u00bb]La Perla acerca la comida africana a todos los territorios europeos e internacionales. [read_more id=\u00bb1&#8243; more=\u00bbLeer m\u00e1s\u00bb less=\u00bbLeer menos\u00bb]Un amplio surtido de marcas, variedades y formatos de pasta de cacahuete seleccionadas y producidas en origen. Todas las pastas de cacahuete forman parte de nuestro cat\u00e1logo de productos \u00e9tnicos, productos de importaci\u00f3n y alimentaci\u00f3n global.[\/read_more][\/vc_column_text][\/vc_column][\/vc_row][vc_row full_width=\u00bbstretch_row_content\u00bb equal_height=\u00bbyes\u00bb css=\u00bb.vc_custom_1620774112581{margin-top: 60px !important;}\u00bb][vc_column width=\u00bb1\/4&#8243;][vc_single_image image=\u00bb40201&#8243; img_size=\u00bbfull\u00bb alignment=\u00bbcenter\u00bb onclick=\u00bbcustom_link\u00bb link=\u00bb\/es\/tienda\/aceites-y-salsas-de-palma\/\u00bb][vc_custom_heading text=\u00bbACEITE Y SALSAS DE PALMA\u00bb font_container=\u00bbtag:h2|font_size:22px|text_align:center|color:%23a41018|line_height:1.6&#8243; google_fonts=\u00bbfont_family:Roboto%3A100%2C100italic%2C300%2C300italic%2Cregular%2Citalic%2C500%2C500italic%2C700%2C700italic%2C900%2C900italic|font_style:500%20bold%20regular%3A500%3Anormal\u00bb][vc_column_text el_class=\u00bbtext-justificat\u00bb]La Perla acerca alimentos africanos a todos los territorios europeos e internacionales. El aceite de palma y la salsa de palma son productos t\u00edpicos de la comida africana.[read_more id=\u00bb1&#8243; more=\u00bbLeer m\u00e1s\u00bb less=\u00bbLeer menos\u00bb]Ofrecemos aceite de palma de Guinea, aceite de palma de Nigeria, aceite de palma de Ghana, salsa de palma concentrada y otros aceites y salsas de palma relacionadas. Todo los productos forman parte de nuestro cat\u00e1logo de productos \u00e9tnicos, productos de importaci\u00f3n y alimentaci\u00f3n global.[\/read_more][\/vc_column_text][\/vc_column][vc_column width=\u00bb1\/4&#8243;][vc_single_image image=\u00bb40213&#8243; img_size=\u00bbfull\u00bb alignment=\u00bbcenter\u00bb onclick=\u00bbcustom_link\u00bb link=\u00bb\/es\/tienda\/caldos-y-sopas-halal\/\u00bb][vc_custom_heading text=\u00bbCALDOS HALAL\u00bb font_container=\u00bbtag:h2|font_size:22px|text_align:center|color:%23a41018|line_height:1.6&#8243; google_fonts=\u00bbfont_family:Roboto%3A100%2C100italic%2C300%2C300italic%2Cregular%2Citalic%2C500%2C500italic%2C700%2C700italic%2C900%2C900italic|font_style:500%20bold%20regular%3A500%3Anormal\u00bb][vc_column_text el_class=\u00bbtext-justificat\u00bb]La Perla tiene un amplio cat\u00e1logo de caldos y sopas halal de las principales marcas del mercado como Jumbo o Maggi aptos para dietas halal.[read_more id=\u00bb1&#8243; more=\u00bbLeer m\u00e1s\u00bb less=\u00bbLeer menos\u00bb]Una gran variedad de sabores y formatos para condimentar los platos y darles el sabor tradicional de Senegal, Ghana, Nigeria, Costa d\u2019Ivory, Marruecos&#8230;[\/read_more][\/vc_column_text][\/vc_column][vc_column width=\u00bb1\/4&#8243;][vc_single_image image=\u00bb40253&#8243; img_size=\u00bbfull\u00bb alignment=\u00bbcenter\u00bb onclick=\u00bbcustom_link\u00bb link=\u00bb\/es\/tienda\/noodles-instantaneos-fideos-chinos\/\u00bb][vc_custom_heading text=\u00bbNODDLES, FIDEOS CHINOS\u00bb font_container=\u00bbtag:h2|font_size:22px|text_align:center|color:%23a41018|line_height:1.6&#8243; google_fonts=\u00bbfont_family:Roboto%3A100%2C100italic%2C300%2C300italic%2Cregular%2Citalic%2C500%2C500italic%2C700%2C700italic%2C900%2C900italic|font_style:500%20bold%20regular%3A500%3Anormal\u00bb][vc_column_text el_class=\u00bbtext-justificat\u00bb]La Perla distribuye una gran variedad de noodles y fideos orientales. Distribuimos noodles, noodles instant\u00e1neos, fideos chinos\u2026[read_more id=\u00bb1&#8243; more=\u00bbLeer m\u00e1s\u00bb less=\u00bbLeer menos\u00bb]Todo los alimentos son de primera calidad y forman parte de nuestro cat\u00e1logo de productos \u00e9tnicos, productos de importaci\u00f3n y alimentaci\u00f3n global.[\/read_more][\/vc_column_text][\/vc_column][vc_column width=\u00bb1\/4&#8243;][vc_single_image image=\u00bb40249&#8243; img_size=\u00bbfull\u00bb alignment=\u00bbcenter\u00bb onclick=\u00bbcustom_link\u00bb link=\u00bb\/es\/tienda\/legumbres-y-frutos-secos\/\u00bb][vc_custom_heading text=\u00bbLEGUMBRES Y FRUTOS SECOS\u00bb font_container=\u00bbtag:h2|font_size:22px|text_align:center|color:%23a41018|line_height:1.6&#8243; google_fonts=\u00bbfont_family:Roboto%3A100%2C100italic%2C300%2C300italic%2Cregular%2Citalic%2C500%2C500italic%2C700%2C700italic%2C900%2C900italic|font_style:500%20bold%20regular%3A500%3Anormal\u00bb][vc_column_text el_class=\u00bbtext-justificat\u00bb]La Perla distribuye una amplia gama de legumbres, frutos secos y cereales. Productos alimenticios b\u00e1sicos y de uso frecuente en muchos tipos de cocina y alimentaci\u00f3n.[read_more id=\u00bb1&#8243; more=\u00bbLeer m\u00e1s\u00bb less=\u00bbLeer menos\u00bb]Encuentra en esta secci\u00f3n las mejores jud\u00edas, guisantes, black eye beans, cereales importados directamente de \u00c1frica como el thiacry, thiere, araw, funyo, gari, fufu\u2026 Pur\u00e9 de patata, f\u00e9cula de patata, pound yam, s\u00e9molas, cusc\u00fas, morocho entre muchos otros productos, todos ellos forman parte de nuestro cat\u00e1logo de productos \u00e9tnicos, productos de importaci\u00f3n y alimentaci\u00f3n global.[\/read_more] [\/vc_column_text][\/vc_column][\/vc_row][vc_row full_width=\u00bbstretch_row_content\u00bb equal_height=\u00bbyes\u00bb css=\u00bb.vc_custom_1620774130183{margin-top: 60px !important;}\u00bb][vc_column width=\u00bb1\/4&#8243;][vc_single_image image=\u00bb40205&#8243; img_size=\u00bbfull\u00bb alignment=\u00bbcenter\u00bb onclick=\u00bbcustom_link\u00bb link=\u00bb\/es\/tienda\/arroz-y-derivados\/\u00bb][vc_custom_heading text=\u00bbARROZ Y DERIVADOS\u00bb font_container=\u00bbtag:h2|font_size:22px|text_align:center|color:%23a41018|line_height:1.6&#8243; google_fonts=\u00bbfont_family:Roboto%3A100%2C100italic%2C300%2C300italic%2Cregular%2Citalic%2C500%2C500italic%2C700%2C700italic%2C900%2C900italic|font_style:500%20bold%20regular%3A500%3Anormal\u00bb][vc_column_text el_class=\u00bbtext-justificat\u00bb]La Perla importa arroz de los principales pa\u00edses productores de arroz y de las principales arroceras internacionales de Tailandia, Camboya o la India entre otros pa\u00edses. [read_more id=\u00bb1&#8243; more=\u00bbLeer m\u00e1s\u00bb less=\u00bbLeer menos\u00bb]el arroz es un cereal b\u00e1sico y la Perla trae directamente de los mejores arrozales e industrias arroceras excelentes variedades y calidades de arroz. Arroz perfumado entero, arroz perfumado partido 1 corte o 2 cortes, arroz glutinoso, arroz vaporizado, arroz basmati vaporizado, arroz basmati, etc.[\/read_more][\/vc_column_text][\/vc_column][vc_column width=\u00bb1\/4&#8243;][vc_single_image image=\u00bb40245&#8243; img_size=\u00bbfull\u00bb alignment=\u00bbcenter\u00bb onclick=\u00bbcustom_link\u00bb link=\u00bb\/es\/tienda\/grano-harinas-y-semolas\/\u00bb][vc_custom_heading text=\u00bbGRANOS, HARINAS Y S\u00c9MOLAS\u00bb font_container=\u00bbtag:h2|font_size:22px|text_align:center|color:%23a41018|line_height:1.6&#8243; google_fonts=\u00bbfont_family:Roboto%3A100%2C100italic%2C300%2C300italic%2Cregular%2Citalic%2C500%2C500italic%2C700%2C700italic%2C900%2C900italic|font_style:500%20bold%20regular%3A500%3Anormal\u00bb][vc_column_text el_class=\u00bbtext-justificat\u00bb]La Perla es proveedor de granos, harinas y s\u00e9molas nacionales e internacionales. Seleccionados en origen los mejores productores de ma\u00edz, trigo, mijo, yuca, cocoyam&#8230;[read_more id=\u00bb1&#8243; more=\u00bbLeer m\u00e1s\u00bb less=\u00bbLeer menos\u00bb]Productos derivados de la patata como el pur\u00e9 de patata o la f\u00e9cula de patata, pounded yam\u2026 Si buscas un proveedor para tu tienda o almac\u00e9n, contacta con nosotros.[\/read_more] [\/vc_column_text][\/vc_column][vc_column width=\u00bb1\/4&#8243;][vc_single_image image=\u00bb40233&#8243; img_size=\u00bbfull\u00bb alignment=\u00bbcenter\u00bb onclick=\u00bbcustom_link\u00bb link=\u00bb\/es\/tienda\/especias-y-condimentos\/\u00bb][vc_custom_heading text=\u00bbESPECIAS Y CONDIMENTOS\u00bb font_container=\u00bbtag:h2|font_size:22px|text_align:center|color:%23a41018|line_height:1.6&#8243; google_fonts=\u00bbfont_family:Roboto%3A100%2C100italic%2C300%2C300italic%2Cregular%2Citalic%2C500%2C500italic%2C700%2C700italic%2C900%2C900italic|font_style:500%20bold%20regular%3A500%3Anormal\u00bb][vc_column_text el_class=\u00bbtext-justificat\u00bb]La Perla ofrece un amplio surtido de especias y condimentos internacionales. Todas ellas forman parte de nuestro cat\u00e1logo de productos \u00e9tnicos, productos de importaci\u00f3n y alimentaci\u00f3n global.[read_more id=\u00bb1&#8243; more=\u00bbLeer m\u00e1s\u00bb less=\u00bbLeer menos\u00bb] Si tienes una tienda, supermercado, eres distribuidor o mayorista. Tienes un restaurante o industria alimenticia y buscar un proveedor de alimentaci\u00f3n contacta con nosotros.[\/read_more][\/vc_column_text][\/vc_column][vc_column width=\u00bb1\/4&#8243;][vc_single_image image=\u00bb40217&#8243; img_size=\u00bbfull\u00bb alignment=\u00bbcenter\u00bb onclick=\u00bbcustom_link\u00bb link=\u00bb\/es\/tienda\/carne\u00bb][vc_custom_heading text=\u00bbCARNE\u00bb font_container=\u00bbtag:h2|font_size:22px|text_align:center|color:%23a41018|line_height:1.6&#8243; google_fonts=\u00bbfont_family:Roboto%3A100%2C100italic%2C300%2C300italic%2Cregular%2Citalic%2C500%2C500italic%2C700%2C700italic%2C900%2C900italic|font_style:500%20bold%20regular%3A500%3Anormal\u00bb][vc_column_text el_class=\u00bbtext-justificat\u00bb]La Perla es proveedor de carne congelada con certificaci\u00f3n halal. Consulta las referencias de carne congelada de pollo, gallina, pavo, ternera y cabra halal.[\/vc_column_text][\/vc_column][\/vc_row][vc_row full_width=\u00bbstretch_row_content\u00bb equal_height=\u00bbyes\u00bb css=\u00bb.vc_custom_1620774137127{margin-top: 60px !important;}\u00bb][vc_column width=\u00bb1\/4&#8243;][vc_single_image image=\u00bb40261&#8243; img_size=\u00bbfull\u00bb alignment=\u00bbcenter\u00bb onclick=\u00bbcustom_link\u00bb link=\u00bb\/es\/tienda\/pescado\u00bb][vc_custom_heading text=\u00bbPESCADO\u00bb font_container=\u00bbtag:h2|font_size:22px|text_align:center|color:%23a41018|line_height:1.6&#8243; google_fonts=\u00bbfont_family:Roboto%3A100%2C100italic%2C300%2C300italic%2Cregular%2Citalic%2C500%2C500italic%2C700%2C700italic%2C900%2C900italic|font_style:500%20bold%20regular%3A500%3Anormal\u00bb][vc_column_text el_class=\u00bbtext-justificat\u00bb]La Perla tiene en cat\u00e1logo pescado refrigerado y pescado congelado especialmente seleccionado para el mercado \u00e9tnico.[read_more id=\u00bb1&#8243; more=\u00bbLeer m\u00e1s\u00bb less=\u00bbLeer menos\u00bb]Consulta las m\u00e1s de 20 variedades de pescado refrigerado y pescado congelado cu\u00e1l se ajusta m\u00e1s a la demanda de tus clientes.[\/read_more] [\/vc_column_text][\/vc_column][vc_column width=\u00bb1\/4&#8243;][vc_single_image image=\u00bb40241&#8243; img_size=\u00bbfull\u00bb alignment=\u00bbcenter\u00bb onclick=\u00bbcustom_link\u00bb link=\u00bb\/es\/tienda\/fruta-y-verdura\/\u00bb][vc_custom_heading text=\u00bbFRUTA Y VERDURA\u00bb font_container=\u00bbtag:h2|font_size:22px|text_align:center|color:%23a41018|line_height:1.6&#8243; google_fonts=\u00bbfont_family:Roboto%3A100%2C100italic%2C300%2C300italic%2Cregular%2Citalic%2C500%2C500italic%2C700%2C700italic%2C900%2C900italic|font_style:500%20bold%20regular%3A500%3Anormal\u00bb][vc_column_text el_class=\u00bbtext-justificat\u00bb]En nuestro cat\u00e1logo disponemos de fruta y verdura fresca, y fruta y verdura congelada especialmente seleccionada para el mercado \u00e9tnico y alimentaci\u00f3n global.[read_more id=\u00bb1&#8243; more=\u00bbLeer m\u00e1s\u00bb less=\u00bbLeer menos\u00bb]Ofrecemos fruta tropical, fruta y verdura africana, fruta y verdura latinoamericana entre otros productos.[\/read_more][\/vc_column_text][\/vc_column][vc_column width=\u00bb1\/4&#8243;][vc_single_image image=\u00bb40225&#8243; img_size=\u00bbfull\u00bb alignment=\u00bbcenter\u00bb onclick=\u00bbcustom_link\u00bb link=\u00bb\/es\/tienda\/cosmetica\/\u00bb][vc_custom_heading text=\u00bbCOSM\u00c9TICA\u00bb font_container=\u00bbtag:h2|font_size:22px|text_align:center|color:%23a41018|line_height:1.6&#8243; google_fonts=\u00bbfont_family:Roboto%3A100%2C100italic%2C300%2C300italic%2Cregular%2Citalic%2C500%2C500italic%2C700%2C700italic%2C900%2C900italic|font_style:500%20bold%20regular%3A500%3Anormal\u00bb][vc_column_text el_class=\u00bbtext-justificat\u00bb]En nuestro cat\u00e1logo de cosm\u00e9tica encontrar\u00e1s los productos cosm\u00e9ticos b\u00e1sicos y esenciales para la comunidad africana, tanto cosm\u00e9ticos para la piel como cosm\u00e9ticos para el pelo de las principales marcas del mercado.[read_more id=\u00bb1&#8243; more=\u00bbLeer m\u00e1s\u00bb less=\u00bbLeer menos\u00bb]Murray &amp; Lanman, Queen Helene, Palmer\u2019s, Vaselinne, Dettol, ECO, Cantu, l\u2019Oreal, ORS o Revlon son algunas de las marcas que encontrar\u00e1s en nuestro cat\u00e1logo.[\/read_more][\/vc_column_text][\/vc_column][vc_column width=\u00bb1\/4&#8243;][vc_single_image image=\u00bb40237&#8243; img_size=\u00bbfull\u00bb alignment=\u00bbcenter\u00bb onclick=\u00bbcustom_link\u00bb link=\u00bb\/es\/tienda\/cabello-artificial\/\u00bb][vc_custom_heading text=\u00bbCABELLO ARTIFICIAL\u00bb font_container=\u00bbtag:h2|font_size:22px|text_align:center|color:%23a41018|line_height:1.6&#8243; google_fonts=\u00bbfont_family:Roboto%3A100%2C100italic%2C300%2C300italic%2Cregular%2Citalic%2C500%2C500italic%2C700%2C700italic%2C900%2C900italic|font_style:500%20bold%20regular%3A500%3Anormal\u00bb][vc_column_text el_class=\u00bbtext-justificat\u00bb]La Perla es distribuidor oficial de cabello artificial o pelo artificial de la marca X-pression, marca n\u00famero uno en cabello artificial de fibra de Kanekalon, y tambi\u00e9n distribu\u00efmos otras marcas y modelos.[read_more id=\u00bb1&#8243; more=\u00bbLeer m\u00e1s\u00bb less=\u00bbLeer menos\u00bb]Elige en el cat\u00e1logo de cosm\u00e9tica de La Perla entre los m\u00e1s de 200 colores y modelos.[\/read_more][\/vc_column_text][\/vc_column][\/vc_row]<\/p>\n","protected":false},"excerpt":{"rendered":"<p>[vc_row css=\u00bb.vc_custom_1620774164870{margin-top: 30px !important;}\u00bb][vc_column][vc_custom_heading text=\u00bbSi eres distribuidor o mayorista, ahora puedes consultar nuestro cat\u00e1logo completo aqu\u00ed\u00bb font_container=\u00bbtag:h2|font_size:22px|text_align:center|color:%23333333|line_height:1.6&#8243; google_fonts=\u00bbfont_family:Roboto%20Slab%3A100%2C300%2Cregular%2C700|font_style:700%20bold%20regular%3A700%3Anormal\u00bb css_animation=\u00bbfadeIn\u00bb][vc_zigzag color=\u00bbcustom\u00bb el_width=\u00bb10&#8243; el_border_width=\u00bb8&#8243; custom_color=\u00bb#a41018&#8243;][\/vc_column][\/vc_row][vc_row full_width=\u00bbstretch_row_content\u00bb equal_height=\u00bbyes\u00bb css=\u00bb.vc_custom_1620774106472{margin-top:<span class=\"excerpt-hellip\"> [\u2026]<\/span><\/p>\n","protected":false},"author":1,"featured_media":0,"parent":0,"menu_order":0,"comment_status":"closed","ping_status":"closed","template":"","meta":[],"_links":{"self":[{"href":"https:\/\/www.laperlavalles.cat\/es\/wp-json\/wp\/v2\/pages\/41"}],"collection":[{"href":"https:\/\/www.laperlavalles.cat\/es\/wp-json\/wp\/v2\/pages"}],"about":[{"href":"https:\/\/www.laperlavalles.cat\/es\/wp-json\/wp\/v2\/types\/page"}],"author":[{"embeddable":true,"href":"https:\/\/www.laperlavalles.cat\/es\/wp-json\/wp\/v2\/users\/1"}],"replies":[{"embeddable":true,"href":"https:\/\/www.laperlavalles.cat\/es\/wp-json\/wp\/v2\/comments?post=41"}],"version-history":[{"count":0,"href":"https:\/\/www.laperlavalles.cat\/es\/wp-json\/wp\/v2\/pages\/41\/revisions"}],"wp:attachment":[{"href":"https:\/\/www.laperlavalles.cat\/es\/wp-json\/wp\/v2\/media?parent=41"}],"curies":[{"name":"wp","href":"https:\/\/api.w.org\/{rel}","templated":true}]}}