{"id":118984,"date":"2022-05-20T12:19:22","date_gmt":"2022-05-20T10:19:39","guid":{"rendered":"https:\/\/www.laperlavalles.cat\/product\/cantu-acc-updo-natural-bristle-brush\/"},"modified":"2024-07-04T15:52:17","modified_gmt":"2024-07-04T13:52:17","slug":"cantu-acc-updo-natural-bristle-brush","status":"publish","type":"product","link":"https:\/\/www.laperlavalles.cat\/fr\/produit\/cantu-acc-updo-natural-bristle-brush\/","title":{"rendered":"CANTU ACC UPDO NATURAL BRISTLE BRUSH"},"content":{"rendered":"<p>Cette brosse en poils de sanglier est \u00e9troite pour lisser facilement les cheveux en une coiffure haute. Con\u00e7ue avec des poils naturels fermes pour aider \u00e0 lisser les cheveux et distribuer les huiles naturelles du cuir chevelu pour une meilleure brillance. Taille id\u00e9ale \u00e0 garder dans votre sac.<\/p>\n","protected":false},"excerpt":{"rendered":"<p>Cette brosse en poils de sanglier est \u00e9troite pour lisser facilement les cheveux en une coiffure haute. Con\u00e7ue avec des poils naturels fermes pour aider \u00e0<span class=\"excerpt-hellip\"> [\u2026]<\/span><\/p>\n","protected":false},"featured_media":173751,"comment_status":"open","ping_status":"closed","template":"","meta":[],"product_cat":[10616],"product_tag":[],"_links":{"self":[{"href":"https:\/\/www.laperlavalles.cat\/fr\/wp-json\/wp\/v2\/product\/118984"}],"collection":[{"href":"https:\/\/www.laperlavalles.cat\/fr\/wp-json\/wp\/v2\/product"}],"about":[{"href":"https:\/\/www.laperlavalles.cat\/fr\/wp-json\/wp\/v2\/types\/product"}],"replies":[{"embeddable":true,"href":"https:\/\/www.laperlavalles.cat\/fr\/wp-json\/wp\/v2\/comments?post=118984"}],"wp:featuredmedia":[{"embeddable":true,"href":"https:\/\/www.laperlavalles.cat\/fr\/wp-json\/wp\/v2\/media\/173751"}],"wp:attachment":[{"href":"https:\/\/www.laperlavalles.cat\/fr\/wp-json\/wp\/v2\/media?parent=118984"}],"wp:term":[{"taxonomy":"product_cat","embeddable":true,"href":"https:\/\/www.laperlavalles.cat\/fr\/wp-json\/wp\/v2\/product_cat?post=118984"},{"taxonomy":"product_tag","embeddable":true,"href":"https:\/\/www.laperlavalles.cat\/fr\/wp-json\/wp\/v2\/product_tag?post=118984"}],"curies":[{"name":"wp","href":"https:\/\/api.w.org\/{rel}","templated":true}]}}