{"id":119064,"date":"2022-05-20T12:21:11","date_gmt":"2022-05-20T10:21:28","guid":{"rendered":"https:\/\/www.laperlavalles.cat\/product\/cantu-acc-sturdy-extra-lift-pick\/"},"modified":"2025-01-29T10:25:53","modified_gmt":"2025-01-29T09:25:53","slug":"cantu-acc-sturdy-extra-lift-pick","status":"publish","type":"product","link":"https:\/\/www.laperlavalles.cat\/fr\/produit\/cantu-acc-sturdy-extra-lift-pick\/","title":{"rendered":"CANTU ACC STURDY EXTRA LIFT PICK"},"content":{"rendered":"<p>Fabriqu\u00e9 dans un mat\u00e9riau durable avec une prise en main antid\u00e9rapante pour soulever et donner du volume facilement. Les doubles dents soul\u00e8vent les racines, ce qui est parfait pour les cheveux \u00e9pais et boucl\u00e9s.<br \/>\nInclinez vers la racine et soulevez d\u00e9licatement pour donner du volume. Pour de meilleurs r\u00e9sultats, ne pas \u00e9tendre le produit jusqu&rsquo;aux pointes.<\/p>\n","protected":false},"excerpt":{"rendered":"<p>Fabriqu\u00e9 dans un mat\u00e9riau durable avec une prise en main antid\u00e9rapante pour soulever et donner du volume facilement. Les doubles dents soul\u00e8vent les racines, ce qui<span class=\"excerpt-hellip\"> [\u2026]<\/span><\/p>\n","protected":false},"featured_media":173831,"comment_status":"open","ping_status":"closed","template":"","meta":[],"product_cat":[10616],"product_tag":[],"_links":{"self":[{"href":"https:\/\/www.laperlavalles.cat\/fr\/wp-json\/wp\/v2\/product\/119064"}],"collection":[{"href":"https:\/\/www.laperlavalles.cat\/fr\/wp-json\/wp\/v2\/product"}],"about":[{"href":"https:\/\/www.laperlavalles.cat\/fr\/wp-json\/wp\/v2\/types\/product"}],"replies":[{"embeddable":true,"href":"https:\/\/www.laperlavalles.cat\/fr\/wp-json\/wp\/v2\/comments?post=119064"}],"wp:featuredmedia":[{"embeddable":true,"href":"https:\/\/www.laperlavalles.cat\/fr\/wp-json\/wp\/v2\/media\/173831"}],"wp:attachment":[{"href":"https:\/\/www.laperlavalles.cat\/fr\/wp-json\/wp\/v2\/media?parent=119064"}],"wp:term":[{"taxonomy":"product_cat","embeddable":true,"href":"https:\/\/www.laperlavalles.cat\/fr\/wp-json\/wp\/v2\/product_cat?post=119064"},{"taxonomy":"product_tag","embeddable":true,"href":"https:\/\/www.laperlavalles.cat\/fr\/wp-json\/wp\/v2\/product_tag?post=119064"}],"curies":[{"name":"wp","href":"https:\/\/api.w.org\/{rel}","templated":true}]}}