{"id":119104,"date":"2022-05-20T12:22:05","date_gmt":"2022-05-20T10:22:23","guid":{"rendered":"https:\/\/www.laperlavalles.cat\/product\/cantu-acc-sturdy-carbon-combs\/"},"modified":"2025-01-29T10:26:46","modified_gmt":"2025-01-29T09:26:46","slug":"cantu-acc-sturdy-carbon-combs","status":"publish","type":"product","link":"https:\/\/www.laperlavalles.cat\/fr\/produit\/cantu-acc-sturdy-carbon-combs\/","title":{"rendered":"CANTU ACC STURDY CARBON COMBS"},"content":{"rendered":"<p>Fabriqu\u00e9 en fibre de carbone durable, plus l\u00e9g\u00e8re et plus r\u00e9sistante que le plastique. De plus, il \u00e9limine les m\u00e8ches rebelles pour des r\u00e9sultats sans \u00e9lectricit\u00e9 statique.<br \/>\nLissez les cheveux en commen\u00e7ant par les pointes et en remontant vers la racine pour lisser les m\u00e8ches. Le mat\u00e9riau r\u00e9sistant \u00e0 la chaleur permet de suivre facilement le fer plat ou le s\u00e8che-cheveux pour lisser les m\u00e8ches.<\/p>\n","protected":false},"excerpt":{"rendered":"<p>Fabriqu\u00e9 en fibre de carbone durable, plus l\u00e9g\u00e8re et plus r\u00e9sistante que le plastique. De plus, il \u00e9limine les m\u00e8ches rebelles pour des r\u00e9sultats sans \u00e9lectricit\u00e9<span class=\"excerpt-hellip\"> [\u2026]<\/span><\/p>\n","protected":false},"featured_media":173863,"comment_status":"open","ping_status":"closed","template":"","meta":[],"product_cat":[10616],"product_tag":[],"_links":{"self":[{"href":"https:\/\/www.laperlavalles.cat\/fr\/wp-json\/wp\/v2\/product\/119104"}],"collection":[{"href":"https:\/\/www.laperlavalles.cat\/fr\/wp-json\/wp\/v2\/product"}],"about":[{"href":"https:\/\/www.laperlavalles.cat\/fr\/wp-json\/wp\/v2\/types\/product"}],"replies":[{"embeddable":true,"href":"https:\/\/www.laperlavalles.cat\/fr\/wp-json\/wp\/v2\/comments?post=119104"}],"wp:featuredmedia":[{"embeddable":true,"href":"https:\/\/www.laperlavalles.cat\/fr\/wp-json\/wp\/v2\/media\/173863"}],"wp:attachment":[{"href":"https:\/\/www.laperlavalles.cat\/fr\/wp-json\/wp\/v2\/media?parent=119104"}],"wp:term":[{"taxonomy":"product_cat","embeddable":true,"href":"https:\/\/www.laperlavalles.cat\/fr\/wp-json\/wp\/v2\/product_cat?post=119104"},{"taxonomy":"product_tag","embeddable":true,"href":"https:\/\/www.laperlavalles.cat\/fr\/wp-json\/wp\/v2\/product_tag?post=119104"}],"curies":[{"name":"wp","href":"https:\/\/api.w.org\/{rel}","templated":true}]}}