{"id":179996,"date":"2024-12-18T09:16:04","date_gmt":"2024-12-18T08:16:04","guid":{"rendered":"https:\/\/www.laperlavalles.cat\/product\/sauce-sambal-oelek-115g-balikitchen-5\/"},"modified":"2024-12-18T09:16:04","modified_gmt":"2024-12-18T08:16:04","slug":"sauce-sambal-oelek-115g-balikitchen-5","status":"publish","type":"product","link":"https:\/\/www.laperlavalles.cat\/fr\/produit\/sauce-sambal-oelek-115g-balikitchen-5\/","title":{"rendered":"Sauce Sambal Oelek 115g BaliKitchen"},"content":{"rendered":"<p>Sambal Oelek est une p\u00e2te \u00e9pic\u00e9e de piment indon\u00e9sien faite avec des piments rouges \u00e9pic\u00e9s. Elle est g\u00e9n\u00e9ralement pr\u00e9par\u00e9e avec des piments rouges \u00e9pic\u00e9s, du sel et du vinaigre. Certaines variations peuvent contenir de l&rsquo;oignon, du citron, du sucre, etc.<\/p>\n","protected":false},"excerpt":{"rendered":"<p>Sambal Oelek est une p\u00e2te \u00e9pic\u00e9e de piment indon\u00e9sien faite avec des piments rouges \u00e9pic\u00e9s. Elle est g\u00e9n\u00e9ralement pr\u00e9par\u00e9e avec des piments rouges \u00e9pic\u00e9s, du sel<span class=\"excerpt-hellip\"> [\u2026]<\/span><\/p>\n","protected":false},"featured_media":179992,"comment_status":"open","ping_status":"closed","template":"","meta":[],"product_cat":[8449,8580],"product_tag":[],"_links":{"self":[{"href":"https:\/\/www.laperlavalles.cat\/fr\/wp-json\/wp\/v2\/product\/179996"}],"collection":[{"href":"https:\/\/www.laperlavalles.cat\/fr\/wp-json\/wp\/v2\/product"}],"about":[{"href":"https:\/\/www.laperlavalles.cat\/fr\/wp-json\/wp\/v2\/types\/product"}],"replies":[{"embeddable":true,"href":"https:\/\/www.laperlavalles.cat\/fr\/wp-json\/wp\/v2\/comments?post=179996"}],"wp:featuredmedia":[{"embeddable":true,"href":"https:\/\/www.laperlavalles.cat\/fr\/wp-json\/wp\/v2\/media\/179992"}],"wp:attachment":[{"href":"https:\/\/www.laperlavalles.cat\/fr\/wp-json\/wp\/v2\/media?parent=179996"}],"wp:term":[{"taxonomy":"product_cat","embeddable":true,"href":"https:\/\/www.laperlavalles.cat\/fr\/wp-json\/wp\/v2\/product_cat?post=179996"},{"taxonomy":"product_tag","embeddable":true,"href":"https:\/\/www.laperlavalles.cat\/fr\/wp-json\/wp\/v2\/product_tag?post=179996"}],"curies":[{"name":"wp","href":"https:\/\/api.w.org\/{rel}","templated":true}]}}