{"id":189329,"date":"2025-03-13T15:13:00","date_gmt":"2025-03-13T14:13:18","guid":{"rendered":"https:\/\/www.laperlavalles.cat\/product\/pommade-pour-le-corps-et-les-cheveux-au-beurre-de-karite-queen-elisabeth-250ml\/"},"modified":"2025-03-13T15:23:49","modified_gmt":"2025-03-13T14:23:49","slug":"pommade-pour-le-corps-et-les-cheveux-au-beurre-de-karite-queen-elisabeth-250ml","status":"publish","type":"product","link":"https:\/\/www.laperlavalles.cat\/fr\/produit\/pommade-pour-le-corps-et-les-cheveux-au-beurre-de-karite-queen-elisabeth-250ml\/","title":{"rendered":"POMMADE POUR LE CORPS ET LES CHEVEUX AU BEURRE DE KARIT\u00c9 QUEEN ELISABETH 250ML"},"content":{"rendered":"<p>La Cr\u00e8me au Beurre de Karit\u00e9 Queen Elisabeth 250 ml hydrate et nourrit en profondeur la peau, aidant \u00e0 restaurer sa douceur et son \u00e9lasticit\u00e9 naturelle. Enrichie en beurre de karit\u00e9 pur, elle est id\u00e9ale pour les peaux s\u00e8ches ou ab\u00eem\u00e9es, offrant une protection contre la s\u00e9cheresse et la d\u00e9shydratation. Parfaite pour une utilisation quotidienne sur les mains, le corps et les zones particuli\u00e8rement s\u00e8ches.<\/p>\n","protected":false},"excerpt":{"rendered":"<p>La Cr\u00e8me au Beurre de Karit\u00e9 Queen Elisabeth 250 ml hydrate et nourrit en profondeur la peau, aidant \u00e0 restaurer sa douceur et son \u00e9lasticit\u00e9 naturelle.<span class=\"excerpt-hellip\"> [\u2026]<\/span><\/p>\n","protected":false},"featured_media":189312,"comment_status":"open","ping_status":"closed","template":"","meta":[],"product_cat":[8461,8597],"product_tag":[],"_links":{"self":[{"href":"https:\/\/www.laperlavalles.cat\/fr\/wp-json\/wp\/v2\/product\/189329"}],"collection":[{"href":"https:\/\/www.laperlavalles.cat\/fr\/wp-json\/wp\/v2\/product"}],"about":[{"href":"https:\/\/www.laperlavalles.cat\/fr\/wp-json\/wp\/v2\/types\/product"}],"replies":[{"embeddable":true,"href":"https:\/\/www.laperlavalles.cat\/fr\/wp-json\/wp\/v2\/comments?post=189329"}],"wp:featuredmedia":[{"embeddable":true,"href":"https:\/\/www.laperlavalles.cat\/fr\/wp-json\/wp\/v2\/media\/189312"}],"wp:attachment":[{"href":"https:\/\/www.laperlavalles.cat\/fr\/wp-json\/wp\/v2\/media?parent=189329"}],"wp:term":[{"taxonomy":"product_cat","embeddable":true,"href":"https:\/\/www.laperlavalles.cat\/fr\/wp-json\/wp\/v2\/product_cat?post=189329"},{"taxonomy":"product_tag","embeddable":true,"href":"https:\/\/www.laperlavalles.cat\/fr\/wp-json\/wp\/v2\/product_tag?post=189329"}],"curies":[{"name":"wp","href":"https:\/\/api.w.org\/{rel}","templated":true}]}}