{"id":189509,"date":"2025-03-14T09:12:17","date_gmt":"2025-03-14T08:12:33","guid":{"rendered":"https:\/\/www.laperlavalles.cat\/product\/lotion-au-beurre-de-karite-rinju-16-oz\/"},"modified":"2025-03-14T09:27:36","modified_gmt":"2025-03-14T08:27:36","slug":"lotion-au-beurre-de-karite-rinju-16-oz","status":"publish","type":"product","link":"https:\/\/www.laperlavalles.cat\/fr\/produit\/lotion-au-beurre-de-karite-rinju-16-oz\/","title":{"rendered":"LOTION AU BEURRE DE KARIT\u00c9 RINJU 16 OZ"},"content":{"rendered":"<p>La LOTION AU BEURRE DE KARIT\u00c9 RINJU de 16 oz offre une hydratation profonde et r\u00e9paratrice pour les peaux s\u00e8ches et d\u00e9shydrat\u00e9es. Enrichie en beurre de karit\u00e9 naturel, elle aide \u00e0 restaurer la douceur et l&rsquo;\u00e9lasticit\u00e9 de la peau, la prot\u00e9geant contre la s\u00e9cheresse. Sa texture l\u00e9g\u00e8re s&rsquo;absorbe rapidement, laissant la peau nourrie et \u00e9clatante toute la journ\u00e9e.<\/p>\n","protected":false},"excerpt":{"rendered":"<p>La LOTION AU BEURRE DE KARIT\u00c9 RINJU de 16 oz offre une hydratation profonde et r\u00e9paratrice pour les peaux s\u00e8ches et d\u00e9shydrat\u00e9es. Enrichie en beurre de<span class=\"excerpt-hellip\"> [\u2026]<\/span><\/p>\n","protected":false},"featured_media":189492,"comment_status":"open","ping_status":"closed","template":"","meta":[],"product_cat":[8461,8597],"product_tag":[],"_links":{"self":[{"href":"https:\/\/www.laperlavalles.cat\/fr\/wp-json\/wp\/v2\/product\/189509"}],"collection":[{"href":"https:\/\/www.laperlavalles.cat\/fr\/wp-json\/wp\/v2\/product"}],"about":[{"href":"https:\/\/www.laperlavalles.cat\/fr\/wp-json\/wp\/v2\/types\/product"}],"replies":[{"embeddable":true,"href":"https:\/\/www.laperlavalles.cat\/fr\/wp-json\/wp\/v2\/comments?post=189509"}],"wp:featuredmedia":[{"embeddable":true,"href":"https:\/\/www.laperlavalles.cat\/fr\/wp-json\/wp\/v2\/media\/189492"}],"wp:attachment":[{"href":"https:\/\/www.laperlavalles.cat\/fr\/wp-json\/wp\/v2\/media?parent=189509"}],"wp:term":[{"taxonomy":"product_cat","embeddable":true,"href":"https:\/\/www.laperlavalles.cat\/fr\/wp-json\/wp\/v2\/product_cat?post=189509"},{"taxonomy":"product_tag","embeddable":true,"href":"https:\/\/www.laperlavalles.cat\/fr\/wp-json\/wp\/v2\/product_tag?post=189509"}],"curies":[{"name":"wp","href":"https:\/\/api.w.org\/{rel}","templated":true}]}}