{"id":189529,"date":"2025-03-14T09:13:55","date_gmt":"2025-03-14T08:14:12","guid":{"rendered":"https:\/\/www.laperlavalles.cat\/product\/lotion-pour-les-mains-et-le-corps-rinju-16-oz\/"},"modified":"2025-03-14T09:29:13","modified_gmt":"2025-03-14T08:29:13","slug":"lotion-pour-les-mains-et-le-corps-rinju-16-oz","status":"publish","type":"product","link":"https:\/\/www.laperlavalles.cat\/fr\/produit\/lotion-pour-les-mains-et-le-corps-rinju-16-oz\/","title":{"rendered":"LOTION POUR LES MAINS ET LE CORPS RINJU 16 OZ"},"content":{"rendered":"<p>La LOTION POUR LES MAINS ET LE CORPS RINJU de 16 oz offre une hydratation profonde et durable pour tous les types de peau. Formul\u00e9e avec des ingr\u00e9dients nourrissants, elle aide \u00e0 adoucir et \u00e0 prot\u00e9ger la peau s\u00e8che, la laissant douce, souple et agr\u00e9ablement rafra\u00eechie. Id\u00e9ale pour un usage quotidien apr\u00e8s la douche ou lorsque la peau a besoin d&rsquo;une hydratation suppl\u00e9mentaire.<\/p>\n","protected":false},"excerpt":{"rendered":"<p>La LOTION POUR LES MAINS ET LE CORPS RINJU de 16 oz offre une hydratation profonde et durable pour tous les types de peau. Formul\u00e9e avec<span class=\"excerpt-hellip\"> [\u2026]<\/span><\/p>\n","protected":false},"featured_media":189512,"comment_status":"open","ping_status":"closed","template":"","meta":[],"product_cat":[8461,8597],"product_tag":[],"_links":{"self":[{"href":"https:\/\/www.laperlavalles.cat\/fr\/wp-json\/wp\/v2\/product\/189529"}],"collection":[{"href":"https:\/\/www.laperlavalles.cat\/fr\/wp-json\/wp\/v2\/product"}],"about":[{"href":"https:\/\/www.laperlavalles.cat\/fr\/wp-json\/wp\/v2\/types\/product"}],"replies":[{"embeddable":true,"href":"https:\/\/www.laperlavalles.cat\/fr\/wp-json\/wp\/v2\/comments?post=189529"}],"wp:featuredmedia":[{"embeddable":true,"href":"https:\/\/www.laperlavalles.cat\/fr\/wp-json\/wp\/v2\/media\/189512"}],"wp:attachment":[{"href":"https:\/\/www.laperlavalles.cat\/fr\/wp-json\/wp\/v2\/media?parent=189529"}],"wp:term":[{"taxonomy":"product_cat","embeddable":true,"href":"https:\/\/www.laperlavalles.cat\/fr\/wp-json\/wp\/v2\/product_cat?post=189529"},{"taxonomy":"product_tag","embeddable":true,"href":"https:\/\/www.laperlavalles.cat\/fr\/wp-json\/wp\/v2\/product_tag?post=189529"}],"curies":[{"name":"wp","href":"https:\/\/api.w.org\/{rel}","templated":true}]}}