{"id":189589,"date":"2025-03-14T09:30:37","date_gmt":"2025-03-14T08:30:53","guid":{"rendered":"https:\/\/www.laperlavalles.cat\/product\/mielle-pomegranatehoney-curl-defining-mousse-222ml\/"},"modified":"2026-04-28T18:23:11","modified_gmt":"2026-04-28T16:23:11","slug":"mielle-pomegranatehoney-curl-defining-mousse-222ml","status":"publish","type":"product","link":"https:\/\/www.laperlavalles.cat\/fr\/produit\/mielle-pomegranatehoney-curl-defining-mousse-222ml\/","title":{"rendered":"MIELLE POMEGRANATE&amp;HONEY CURL DEFINING MOUSSE 222ML"},"content":{"rendered":"<p>La mousse d\u00e9finisseuse de boucles Mielle \u00e0 la grenade et au miel est con\u00e7ue pour apporter d\u00e9finition, contr\u00f4le et brillance aux cheveux boucl\u00e9s. Sa formule l\u00e9g\u00e8re r\u00e9duit les frisottis et aide \u00e0 maintenir des boucles douces et bien d\u00e9finies, sans r\u00e9sidus collants. Enrichie d&rsquo;ingr\u00e9dients naturels tels que le miel et la grenade, elle hydrate et offre une tenue durable. Parfaite pour les cheveux \u00e9pais et boucl\u00e9s recherchant une d\u00e9finition naturelle.<\/p>\n","protected":false},"excerpt":{"rendered":"<p>La mousse d\u00e9finisseuse de boucles Mielle \u00e0 la grenade et au miel est con\u00e7ue pour apporter d\u00e9finition, contr\u00f4le et brillance aux cheveux boucl\u00e9s. Sa formule l\u00e9g\u00e8re<span class=\"excerpt-hellip\"> [\u2026]<\/span><\/p>\n","protected":false},"featured_media":189572,"comment_status":"open","ping_status":"closed","template":"","meta":[],"product_cat":[10616],"product_tag":[],"_links":{"self":[{"href":"https:\/\/www.laperlavalles.cat\/fr\/wp-json\/wp\/v2\/product\/189589"}],"collection":[{"href":"https:\/\/www.laperlavalles.cat\/fr\/wp-json\/wp\/v2\/product"}],"about":[{"href":"https:\/\/www.laperlavalles.cat\/fr\/wp-json\/wp\/v2\/types\/product"}],"replies":[{"embeddable":true,"href":"https:\/\/www.laperlavalles.cat\/fr\/wp-json\/wp\/v2\/comments?post=189589"}],"wp:featuredmedia":[{"embeddable":true,"href":"https:\/\/www.laperlavalles.cat\/fr\/wp-json\/wp\/v2\/media\/189572"}],"wp:attachment":[{"href":"https:\/\/www.laperlavalles.cat\/fr\/wp-json\/wp\/v2\/media?parent=189589"}],"wp:term":[{"taxonomy":"product_cat","embeddable":true,"href":"https:\/\/www.laperlavalles.cat\/fr\/wp-json\/wp\/v2\/product_cat?post=189589"},{"taxonomy":"product_tag","embeddable":true,"href":"https:\/\/www.laperlavalles.cat\/fr\/wp-json\/wp\/v2\/product_tag?post=189589"}],"curies":[{"name":"wp","href":"https:\/\/api.w.org\/{rel}","templated":true}]}}