{"id":189789,"date":"2025-03-17T14:20:36","date_gmt":"2025-03-17T13:20:53","guid":{"rendered":"https:\/\/www.laperlavalles.cat\/product\/as-i-am-longluxe-strengthening-shampoo-355ml\/"},"modified":"2025-03-27T13:21:56","modified_gmt":"2025-03-27T12:21:56","slug":"as-i-am-longluxe-strengthening-shampoo-355ml","status":"publish","type":"product","link":"https:\/\/www.laperlavalles.cat\/fr\/produit\/as-i-am-longluxe-strengthening-shampoo-355ml\/","title":{"rendered":"AS I AM LONG&amp;LUXE STRENGTHENING SHAMPOO 355ML"},"content":{"rendered":"<p>Le As I Am Long &amp; Luxe Strengthening Shampoo est un shampooing hydratant formul\u00e9 pour nettoyer en douceur les cheveux et le cuir chevelu, tout en ajoutant de l&rsquo;hydratation et en renfor\u00e7ant les cheveux pour favoriser une plus grande longueur. Enrichi en extraits de grenade et de fruit de la passion, ce shampooing aide \u00e0 r\u00e9duire les enchev\u00eatrements et les dommages caus\u00e9s par le coiffage, facilitant ainsi le processus de d\u00e9m\u00ealage. De plus, il est sp\u00e9cialement indiqu\u00e9 pour les cheveux de type 3 et 4.<\/p>\n","protected":false},"excerpt":{"rendered":"<p>Le As I Am Long &amp; Luxe Strengthening Shampoo est un shampooing hydratant formul\u00e9 pour nettoyer en douceur les cheveux et le cuir chevelu, tout en<span class=\"excerpt-hellip\"> [\u2026]<\/span><\/p>\n","protected":false},"featured_media":189772,"comment_status":"open","ping_status":"closed","template":"","meta":[],"product_cat":[8461,24331],"product_tag":[],"_links":{"self":[{"href":"https:\/\/www.laperlavalles.cat\/fr\/wp-json\/wp\/v2\/product\/189789"}],"collection":[{"href":"https:\/\/www.laperlavalles.cat\/fr\/wp-json\/wp\/v2\/product"}],"about":[{"href":"https:\/\/www.laperlavalles.cat\/fr\/wp-json\/wp\/v2\/types\/product"}],"replies":[{"embeddable":true,"href":"https:\/\/www.laperlavalles.cat\/fr\/wp-json\/wp\/v2\/comments?post=189789"}],"wp:featuredmedia":[{"embeddable":true,"href":"https:\/\/www.laperlavalles.cat\/fr\/wp-json\/wp\/v2\/media\/189772"}],"wp:attachment":[{"href":"https:\/\/www.laperlavalles.cat\/fr\/wp-json\/wp\/v2\/media?parent=189789"}],"wp:term":[{"taxonomy":"product_cat","embeddable":true,"href":"https:\/\/www.laperlavalles.cat\/fr\/wp-json\/wp\/v2\/product_cat?post=189789"},{"taxonomy":"product_tag","embeddable":true,"href":"https:\/\/www.laperlavalles.cat\/fr\/wp-json\/wp\/v2\/product_tag?post=189789"}],"curies":[{"name":"wp","href":"https:\/\/api.w.org\/{rel}","templated":true}]}}