{"id":190449,"date":"2025-03-19T10:36:33","date_gmt":"2025-03-19T09:36:50","guid":{"rendered":"https:\/\/www.laperlavalles.cat\/product\/shea-moisture-shea-butter-rest-conditioner-384ml\/"},"modified":"2025-03-19T10:54:14","modified_gmt":"2025-03-19T09:54:14","slug":"shea-moisture-shea-butter-rest-conditioner-384ml","status":"publish","type":"product","link":"https:\/\/www.laperlavalles.cat\/fr\/produit\/shea-moisture-shea-butter-rest-conditioner-384ml\/","title":{"rendered":"SHEA MOISTURE SHEA BUTTER REST CONDITIONER 384ML"},"content":{"rendered":"<p>Le SHEA MOISTURE SHEA BUTTER REST CONDITIONER 384ML r\u00e9pare et hydrate les cheveux secs et ab\u00eem\u00e9s. Sa formule enrichie en beurre de karit\u00e9 nourrit en profondeur, d\u00e9m\u00eale et redonne douceur et \u00e9clat aux cheveux.<\/p>\n","protected":false},"excerpt":{"rendered":"<p>Le SHEA MOISTURE SHEA BUTTER REST CONDITIONER 384ML r\u00e9pare et hydrate les cheveux secs et ab\u00eem\u00e9s. Sa formule enrichie en beurre de karit\u00e9 nourrit en profondeur,<span class=\"excerpt-hellip\"> [\u2026]<\/span><\/p>\n","protected":false},"featured_media":190432,"comment_status":"open","ping_status":"closed","template":"","meta":[],"product_cat":[8461,24331],"product_tag":[],"_links":{"self":[{"href":"https:\/\/www.laperlavalles.cat\/fr\/wp-json\/wp\/v2\/product\/190449"}],"collection":[{"href":"https:\/\/www.laperlavalles.cat\/fr\/wp-json\/wp\/v2\/product"}],"about":[{"href":"https:\/\/www.laperlavalles.cat\/fr\/wp-json\/wp\/v2\/types\/product"}],"replies":[{"embeddable":true,"href":"https:\/\/www.laperlavalles.cat\/fr\/wp-json\/wp\/v2\/comments?post=190449"}],"wp:featuredmedia":[{"embeddable":true,"href":"https:\/\/www.laperlavalles.cat\/fr\/wp-json\/wp\/v2\/media\/190432"}],"wp:attachment":[{"href":"https:\/\/www.laperlavalles.cat\/fr\/wp-json\/wp\/v2\/media?parent=190449"}],"wp:term":[{"taxonomy":"product_cat","embeddable":true,"href":"https:\/\/www.laperlavalles.cat\/fr\/wp-json\/wp\/v2\/product_cat?post=190449"},{"taxonomy":"product_tag","embeddable":true,"href":"https:\/\/www.laperlavalles.cat\/fr\/wp-json\/wp\/v2\/product_tag?post=190449"}],"curies":[{"name":"wp","href":"https:\/\/api.w.org\/{rel}","templated":true}]}}