{"id":192084,"date":"2025-04-30T08:22:31","date_gmt":"2025-04-30T06:22:47","guid":{"rendered":"https:\/\/www.laperlavalles.cat\/product\/vitals-olive-oil-frizz-free-serum-6oz\/"},"modified":"2025-05-12T15:44:17","modified_gmt":"2025-05-12T13:44:17","slug":"vitals-olive-oil-frizz-free-serum-6oz","status":"publish","type":"product","link":"https:\/\/www.laperlavalles.cat\/fr\/produit\/vitals-olive-oil-frizz-free-serum-6oz\/","title":{"rendered":"VITALS OLIVE OIL FRIZZ FREE SERUM 6OZ"},"content":{"rendered":"<p>Ce s\u00e9rum transforme instantan\u00e9ment les cheveux secs, frisott\u00e9s ou trait\u00e9s chimiquement en une chevelure lisse, brillante et facile \u00e0 coiffer. Enrichi en huile d\u2019olive, sa formule l\u00e9g\u00e8re, non grasse et non collante, \u00e9limine les frisottis et offre une finition soign\u00e9e et maniable.<\/p>\n","protected":false},"excerpt":{"rendered":"<p>Ce s\u00e9rum transforme instantan\u00e9ment les cheveux secs, frisott\u00e9s ou trait\u00e9s chimiquement en une chevelure lisse, brillante et facile \u00e0 coiffer. Enrichi en huile d\u2019olive, sa formule<span class=\"excerpt-hellip\"> [\u2026]<\/span><\/p>\n","protected":false},"featured_media":192067,"comment_status":"open","ping_status":"closed","template":"","meta":[],"product_cat":[8461,24331],"product_tag":[],"_links":{"self":[{"href":"https:\/\/www.laperlavalles.cat\/fr\/wp-json\/wp\/v2\/product\/192084"}],"collection":[{"href":"https:\/\/www.laperlavalles.cat\/fr\/wp-json\/wp\/v2\/product"}],"about":[{"href":"https:\/\/www.laperlavalles.cat\/fr\/wp-json\/wp\/v2\/types\/product"}],"replies":[{"embeddable":true,"href":"https:\/\/www.laperlavalles.cat\/fr\/wp-json\/wp\/v2\/comments?post=192084"}],"wp:featuredmedia":[{"embeddable":true,"href":"https:\/\/www.laperlavalles.cat\/fr\/wp-json\/wp\/v2\/media\/192067"}],"wp:attachment":[{"href":"https:\/\/www.laperlavalles.cat\/fr\/wp-json\/wp\/v2\/media?parent=192084"}],"wp:term":[{"taxonomy":"product_cat","embeddable":true,"href":"https:\/\/www.laperlavalles.cat\/fr\/wp-json\/wp\/v2\/product_cat?post=192084"},{"taxonomy":"product_tag","embeddable":true,"href":"https:\/\/www.laperlavalles.cat\/fr\/wp-json\/wp\/v2\/product_tag?post=192084"}],"curies":[{"name":"wp","href":"https:\/\/api.w.org\/{rel}","templated":true}]}}