{"id":194923,"date":"2025-06-09T09:50:52","date_gmt":"2025-06-09T07:51:12","guid":{"rendered":"https:\/\/www.laperlavalles.cat\/product\/lait-en-poudre-avec-matiere-grasse-vegetale-promolac-1kg\/"},"modified":"2025-06-09T12:30:48","modified_gmt":"2025-06-09T10:30:48","slug":"lait-en-poudre-avec-matiere-grasse-vegetale-promolac-1kg","status":"publish","type":"product","link":"https:\/\/www.laperlavalles.cat\/fr\/produit\/lait-en-poudre-avec-matiere-grasse-vegetale-promolac-1kg\/","title":{"rendered":"LAIT EN POUDRE AVEC MATI\u00c8RE GRASSE V\u00c9G\u00c9TALE PROMOLAC 1KG"},"content":{"rendered":"<p>Pr\u00e9paration de lait en poudre enrichie en mati\u00e8re grasse v\u00e9g\u00e9tale, id\u00e9ale pour la p\u00e2tisserie, la cuisine ou les boissons. Se dissout facilement et apporte une texture cr\u00e9meuse et une saveur douce<\/p>\n","protected":false},"excerpt":{"rendered":"<p>Pr\u00e9paration de lait en poudre enrichie en mati\u00e8re grasse v\u00e9g\u00e9tale, id\u00e9ale pour la p\u00e2tisserie, la cuisine ou les boissons. Se dissout facilement et apporte une texture<span class=\"excerpt-hellip\"> [\u2026]<\/span><\/p>\n","protected":false},"featured_media":194891,"comment_status":"open","ping_status":"closed","template":"","meta":[],"product_cat":[8446,8584],"product_tag":[],"_links":{"self":[{"href":"https:\/\/www.laperlavalles.cat\/fr\/wp-json\/wp\/v2\/product\/194923"}],"collection":[{"href":"https:\/\/www.laperlavalles.cat\/fr\/wp-json\/wp\/v2\/product"}],"about":[{"href":"https:\/\/www.laperlavalles.cat\/fr\/wp-json\/wp\/v2\/types\/product"}],"replies":[{"embeddable":true,"href":"https:\/\/www.laperlavalles.cat\/fr\/wp-json\/wp\/v2\/comments?post=194923"}],"wp:featuredmedia":[{"embeddable":true,"href":"https:\/\/www.laperlavalles.cat\/fr\/wp-json\/wp\/v2\/media\/194891"}],"wp:attachment":[{"href":"https:\/\/www.laperlavalles.cat\/fr\/wp-json\/wp\/v2\/media?parent=194923"}],"wp:term":[{"taxonomy":"product_cat","embeddable":true,"href":"https:\/\/www.laperlavalles.cat\/fr\/wp-json\/wp\/v2\/product_cat?post=194923"},{"taxonomy":"product_tag","embeddable":true,"href":"https:\/\/www.laperlavalles.cat\/fr\/wp-json\/wp\/v2\/product_tag?post=194923"}],"curies":[{"name":"wp","href":"https:\/\/api.w.org\/{rel}","templated":true}]}}