{"id":195873,"date":"2025-06-09T11:18:32","date_gmt":"2025-06-09T09:18:32","guid":{"rendered":"https:\/\/www.laperlavalles.cat\/product\/raifort-en-poudre-yummyto-1kg-6\/"},"modified":"2025-06-09T11:18:32","modified_gmt":"2025-06-09T09:18:32","slug":"raifort-en-poudre-yummyto-1kg-6","status":"publish","type":"product","link":"https:\/\/www.laperlavalles.cat\/fr\/produit\/raifort-en-poudre-yummyto-1kg-6\/","title":{"rendered":"RAIFORT EN POUDRE YUMMYTO 1KG"},"content":{"rendered":"<p>Poudre de raifort au go\u00fbt et \u00e0 l\u2019ar\u00f4me intenses, couramment utilis\u00e9e comme condiment dans la cuisine asiatique. Peut \u00eatre m\u00e9lang\u00e9e avec de l\u2019eau pour obtenir une p\u00e2te piquante ou ajout\u00e9e directement aux sauces et plats pour une touche forte et fra\u00eeche.<\/p>\n","protected":false},"excerpt":{"rendered":"<p>Poudre de raifort au go\u00fbt et \u00e0 l\u2019ar\u00f4me intenses, couramment utilis\u00e9e comme condiment dans la cuisine asiatique. Peut \u00eatre m\u00e9lang\u00e9e avec de l\u2019eau pour obtenir une<span class=\"excerpt-hellip\"> [\u2026]<\/span><\/p>\n","protected":false},"featured_media":195869,"comment_status":"open","ping_status":"closed","template":"","meta":[],"product_cat":[8581,8449],"product_tag":[],"_links":{"self":[{"href":"https:\/\/www.laperlavalles.cat\/fr\/wp-json\/wp\/v2\/product\/195873"}],"collection":[{"href":"https:\/\/www.laperlavalles.cat\/fr\/wp-json\/wp\/v2\/product"}],"about":[{"href":"https:\/\/www.laperlavalles.cat\/fr\/wp-json\/wp\/v2\/types\/product"}],"replies":[{"embeddable":true,"href":"https:\/\/www.laperlavalles.cat\/fr\/wp-json\/wp\/v2\/comments?post=195873"}],"wp:featuredmedia":[{"embeddable":true,"href":"https:\/\/www.laperlavalles.cat\/fr\/wp-json\/wp\/v2\/media\/195869"}],"wp:attachment":[{"href":"https:\/\/www.laperlavalles.cat\/fr\/wp-json\/wp\/v2\/media?parent=195873"}],"wp:term":[{"taxonomy":"product_cat","embeddable":true,"href":"https:\/\/www.laperlavalles.cat\/fr\/wp-json\/wp\/v2\/product_cat?post=195873"},{"taxonomy":"product_tag","embeddable":true,"href":"https:\/\/www.laperlavalles.cat\/fr\/wp-json\/wp\/v2\/product_tag?post=195873"}],"curies":[{"name":"wp","href":"https:\/\/api.w.org\/{rel}","templated":true}]}}