{"id":196883,"date":"2025-06-10T08:54:46","date_gmt":"2025-06-10T06:55:03","guid":{"rendered":"https:\/\/www.laperlavalles.cat\/product\/the-vert-gold-kili\/"},"modified":"2025-06-10T14:07:28","modified_gmt":"2025-06-10T12:07:28","slug":"the-vert-gold-kili","status":"publish","type":"product","link":"https:\/\/www.laperlavalles.cat\/fr\/produit\/the-vert-gold-kili\/","title":{"rendered":"TH\u00c9 VERT GOLD KILI"},"content":{"rendered":"<p>Th\u00e9 vert de haute qualit\u00e9 en sachets, pr\u00e9par\u00e9 avec des feuilles fra\u00eeches non ferment\u00e9es pour pr\u00e9server leur couleur \u00e9clatante et leur ar\u00f4me distinctif. Saveur douce, rafra\u00eechissante et l\u00e9g\u00e8rement v\u00e9g\u00e9tale, parfait \u00e0 tout moment. Riche en antioxydants et appr\u00e9ci\u00e9 pour ses bienfaits naturels<\/p>\n","protected":false},"excerpt":{"rendered":"<p>Th\u00e9 vert de haute qualit\u00e9 en sachets, pr\u00e9par\u00e9 avec des feuilles fra\u00eeches non ferment\u00e9es pour pr\u00e9server leur couleur \u00e9clatante et leur ar\u00f4me distinctif. Saveur douce, rafra\u00eechissante<span class=\"excerpt-hellip\"> [\u2026]<\/span><\/p>\n","protected":false},"featured_media":196866,"comment_status":"open","ping_status":"closed","template":"","meta":[],"product_cat":[8600,8446],"product_tag":[],"_links":{"self":[{"href":"https:\/\/www.laperlavalles.cat\/fr\/wp-json\/wp\/v2\/product\/196883"}],"collection":[{"href":"https:\/\/www.laperlavalles.cat\/fr\/wp-json\/wp\/v2\/product"}],"about":[{"href":"https:\/\/www.laperlavalles.cat\/fr\/wp-json\/wp\/v2\/types\/product"}],"replies":[{"embeddable":true,"href":"https:\/\/www.laperlavalles.cat\/fr\/wp-json\/wp\/v2\/comments?post=196883"}],"wp:featuredmedia":[{"embeddable":true,"href":"https:\/\/www.laperlavalles.cat\/fr\/wp-json\/wp\/v2\/media\/196866"}],"wp:attachment":[{"href":"https:\/\/www.laperlavalles.cat\/fr\/wp-json\/wp\/v2\/media?parent=196883"}],"wp:term":[{"taxonomy":"product_cat","embeddable":true,"href":"https:\/\/www.laperlavalles.cat\/fr\/wp-json\/wp\/v2\/product_cat?post=196883"},{"taxonomy":"product_tag","embeddable":true,"href":"https:\/\/www.laperlavalles.cat\/fr\/wp-json\/wp\/v2\/product_tag?post=196883"}],"curies":[{"name":"wp","href":"https:\/\/api.w.org\/{rel}","templated":true}]}}