{"id":197123,"date":"2025-06-10T09:10:51","date_gmt":"2025-06-10T07:11:08","guid":{"rendered":"https:\/\/www.laperlavalles.cat\/product\/sedal-sparks-effet-soie-leger-apres-shampooing-350ml\/"},"modified":"2025-07-04T10:22:40","modified_gmt":"2025-07-04T08:22:40","slug":"sedal-sparks-effet-soie-leger-apres-shampooing-350ml","status":"publish","type":"product","link":"https:\/\/www.laperlavalles.cat\/fr\/produit\/sedal-sparks-effet-soie-leger-apres-shampooing-350ml\/","title":{"rendered":"SEDAL SPARKS EFFET SOIE L\u00c9GER APR\u00c8S-SHAMPOOING 350ML"},"content":{"rendered":"<p>Apr\u00e8s-shampooing l\u00e9ger \u00e0 effet soie, formul\u00e9 pour d\u00e9m\u00ealer et adoucir les cheveux sans les alourdir. Enrichi en prot\u00e9ine de soie et agents hydratants, il laisse les cheveux doux, brillants et avec un mouvement naturel. Id\u00e9al pour tous types de cheveux et un usage quotidien.<\/p>\n","protected":false},"excerpt":{"rendered":"<p>Apr\u00e8s-shampooing l\u00e9ger \u00e0 effet soie, formul\u00e9 pour d\u00e9m\u00ealer et adoucir les cheveux sans les alourdir. Enrichi en prot\u00e9ine de soie et agents hydratants, il laisse les<span class=\"excerpt-hellip\"> [\u2026]<\/span><\/p>\n","protected":false},"featured_media":197106,"comment_status":"open","ping_status":"closed","template":"","meta":[],"product_cat":[8461,24331],"product_tag":[],"_links":{"self":[{"href":"https:\/\/www.laperlavalles.cat\/fr\/wp-json\/wp\/v2\/product\/197123"}],"collection":[{"href":"https:\/\/www.laperlavalles.cat\/fr\/wp-json\/wp\/v2\/product"}],"about":[{"href":"https:\/\/www.laperlavalles.cat\/fr\/wp-json\/wp\/v2\/types\/product"}],"replies":[{"embeddable":true,"href":"https:\/\/www.laperlavalles.cat\/fr\/wp-json\/wp\/v2\/comments?post=197123"}],"wp:featuredmedia":[{"embeddable":true,"href":"https:\/\/www.laperlavalles.cat\/fr\/wp-json\/wp\/v2\/media\/197106"}],"wp:attachment":[{"href":"https:\/\/www.laperlavalles.cat\/fr\/wp-json\/wp\/v2\/media?parent=197123"}],"wp:term":[{"taxonomy":"product_cat","embeddable":true,"href":"https:\/\/www.laperlavalles.cat\/fr\/wp-json\/wp\/v2\/product_cat?post=197123"},{"taxonomy":"product_tag","embeddable":true,"href":"https:\/\/www.laperlavalles.cat\/fr\/wp-json\/wp\/v2\/product_tag?post=197123"}],"curies":[{"name":"wp","href":"https:\/\/api.w.org\/{rel}","templated":true}]}}