{"id":197143,"date":"2025-06-10T09:12:28","date_gmt":"2025-06-10T07:12:44","guid":{"rendered":"https:\/\/www.laperlavalles.cat\/product\/sedal-hydrateshine-apres-shampooing-350ml\/"},"modified":"2025-07-01T17:32:43","modified_gmt":"2025-07-01T15:32:43","slug":"sedal-hydrateshine-apres-shampooing-350ml","status":"publish","type":"product","link":"https:\/\/www.laperlavalles.cat\/fr\/produit\/sedal-hydrateshine-apres-shampooing-350ml\/","title":{"rendered":"SEDAL HYDRATE&amp;SHINE APR\u00c8S-SHAMPOOING 350ML"},"content":{"rendered":"<p>Apr\u00e8s-shampooing hydratant et \u00e9clat, formul\u00e9 pour nourrir intens\u00e9ment les cheveux secs ou ternes. Enrichi en agents hydratants et adoucissants, il aide \u00e0 restaurer la douceur, la brillance et la facilit\u00e9 de coiffage, tout en pr\u00e9venant la s\u00e9cheresse et la casse. Laisse les cheveux doux, brillants et faciles \u00e0 d\u00e9m\u00ealer. Id\u00e9al pour un usage quotidien<\/p>\n","protected":false},"excerpt":{"rendered":"<p>Apr\u00e8s-shampooing hydratant et \u00e9clat, formul\u00e9 pour nourrir intens\u00e9ment les cheveux secs ou ternes. Enrichi en agents hydratants et adoucissants, il aide \u00e0 restaurer la douceur, la<span class=\"excerpt-hellip\"> [\u2026]<\/span><\/p>\n","protected":false},"featured_media":197126,"comment_status":"open","ping_status":"closed","template":"","meta":[],"product_cat":[8461,24331],"product_tag":[],"_links":{"self":[{"href":"https:\/\/www.laperlavalles.cat\/fr\/wp-json\/wp\/v2\/product\/197143"}],"collection":[{"href":"https:\/\/www.laperlavalles.cat\/fr\/wp-json\/wp\/v2\/product"}],"about":[{"href":"https:\/\/www.laperlavalles.cat\/fr\/wp-json\/wp\/v2\/types\/product"}],"replies":[{"embeddable":true,"href":"https:\/\/www.laperlavalles.cat\/fr\/wp-json\/wp\/v2\/comments?post=197143"}],"wp:featuredmedia":[{"embeddable":true,"href":"https:\/\/www.laperlavalles.cat\/fr\/wp-json\/wp\/v2\/media\/197126"}],"wp:attachment":[{"href":"https:\/\/www.laperlavalles.cat\/fr\/wp-json\/wp\/v2\/media?parent=197143"}],"wp:term":[{"taxonomy":"product_cat","embeddable":true,"href":"https:\/\/www.laperlavalles.cat\/fr\/wp-json\/wp\/v2\/product_cat?post=197143"},{"taxonomy":"product_tag","embeddable":true,"href":"https:\/\/www.laperlavalles.cat\/fr\/wp-json\/wp\/v2\/product_tag?post=197143"}],"curies":[{"name":"wp","href":"https:\/\/api.w.org\/{rel}","templated":true}]}}