{"id":197163,"date":"2025-06-10T09:14:03","date_gmt":"2025-06-10T07:14:19","guid":{"rendered":"https:\/\/www.laperlavalles.cat\/product\/sedal-boucles-definies-apres-shampooing-350ml\/"},"modified":"2025-07-04T10:02:44","modified_gmt":"2025-07-04T08:02:44","slug":"sedal-boucles-definies-apres-shampooing-350ml","status":"publish","type":"product","link":"https:\/\/www.laperlavalles.cat\/fr\/produit\/sedal-boucles-definies-apres-shampooing-350ml\/","title":{"rendered":"SEDAL BOUCLES D\u00c9FINIES APR\u00c8S-SHAMPOOING 350ML"},"content":{"rendered":"<p>Apr\u00e8s-shampooing sp\u00e9cialement formul\u00e9 pour cheveux boucl\u00e9s, avec hydro-\u00e9lastine et agents hydratants qui d\u00e9finissent, nourrissent et maintiennent les boucles douces et volumineuses. R\u00e9duit les frisottis, contr\u00f4le les boucles rebelles et maintient l\u2019hydratation toute la journ\u00e9e. Laisse les cheveux doux, brillants et faciles \u00e0 d\u00e9m\u00ealer.<\/p>\n","protected":false},"excerpt":{"rendered":"<p>Apr\u00e8s-shampooing sp\u00e9cialement formul\u00e9 pour cheveux boucl\u00e9s, avec hydro-\u00e9lastine et agents hydratants qui d\u00e9finissent, nourrissent et maintiennent les boucles douces et volumineuses. R\u00e9duit les frisottis, contr\u00f4le les<span class=\"excerpt-hellip\"> [\u2026]<\/span><\/p>\n","protected":false},"featured_media":197146,"comment_status":"open","ping_status":"closed","template":"","meta":[],"product_cat":[8461,24331],"product_tag":[],"_links":{"self":[{"href":"https:\/\/www.laperlavalles.cat\/fr\/wp-json\/wp\/v2\/product\/197163"}],"collection":[{"href":"https:\/\/www.laperlavalles.cat\/fr\/wp-json\/wp\/v2\/product"}],"about":[{"href":"https:\/\/www.laperlavalles.cat\/fr\/wp-json\/wp\/v2\/types\/product"}],"replies":[{"embeddable":true,"href":"https:\/\/www.laperlavalles.cat\/fr\/wp-json\/wp\/v2\/comments?post=197163"}],"wp:featuredmedia":[{"embeddable":true,"href":"https:\/\/www.laperlavalles.cat\/fr\/wp-json\/wp\/v2\/media\/197146"}],"wp:attachment":[{"href":"https:\/\/www.laperlavalles.cat\/fr\/wp-json\/wp\/v2\/media?parent=197163"}],"wp:term":[{"taxonomy":"product_cat","embeddable":true,"href":"https:\/\/www.laperlavalles.cat\/fr\/wp-json\/wp\/v2\/product_cat?post=197163"},{"taxonomy":"product_tag","embeddable":true,"href":"https:\/\/www.laperlavalles.cat\/fr\/wp-json\/wp\/v2\/product_tag?post=197163"}],"curies":[{"name":"wp","href":"https:\/\/api.w.org\/{rel}","templated":true}]}}