{"id":197203,"date":"2025-06-10T09:17:16","date_gmt":"2025-06-10T07:17:32","guid":{"rendered":"https:\/\/www.laperlavalles.cat\/product\/sedal-lis-parfait-shampooing-400ml\/"},"modified":"2025-07-02T15:02:50","modified_gmt":"2025-07-02T13:02:50","slug":"sedal-lis-parfait-shampooing-400ml","status":"publish","type":"product","link":"https:\/\/www.laperlavalles.cat\/fr\/produit\/sedal-lis-parfait-shampooing-400ml\/","title":{"rendered":"SEDAL LIS PARFAIT SHAMPOOING 400ML"},"content":{"rendered":"<p>Shampooing formul\u00e9 pour cheveux lisses, avec huile de macadamia et prot\u00e9ine de soie, qui nettoie en profondeur et aide \u00e0 garder les cheveux doux, lisses et sans frisottis. Sa formule sans parab\u00e8nes ni colorants laisse les cheveux brillants, faciles \u00e0 coiffer et naturellement souples, id\u00e9al pour un usage quotidien<\/p>\n","protected":false},"excerpt":{"rendered":"<p>Shampooing formul\u00e9 pour cheveux lisses, avec huile de macadamia et prot\u00e9ine de soie, qui nettoie en profondeur et aide \u00e0 garder les cheveux doux, lisses et<span class=\"excerpt-hellip\"> [\u2026]<\/span><\/p>\n","protected":false},"featured_media":197186,"comment_status":"open","ping_status":"closed","template":"","meta":[],"product_cat":[8461,24331],"product_tag":[],"_links":{"self":[{"href":"https:\/\/www.laperlavalles.cat\/fr\/wp-json\/wp\/v2\/product\/197203"}],"collection":[{"href":"https:\/\/www.laperlavalles.cat\/fr\/wp-json\/wp\/v2\/product"}],"about":[{"href":"https:\/\/www.laperlavalles.cat\/fr\/wp-json\/wp\/v2\/types\/product"}],"replies":[{"embeddable":true,"href":"https:\/\/www.laperlavalles.cat\/fr\/wp-json\/wp\/v2\/comments?post=197203"}],"wp:featuredmedia":[{"embeddable":true,"href":"https:\/\/www.laperlavalles.cat\/fr\/wp-json\/wp\/v2\/media\/197186"}],"wp:attachment":[{"href":"https:\/\/www.laperlavalles.cat\/fr\/wp-json\/wp\/v2\/media?parent=197203"}],"wp:term":[{"taxonomy":"product_cat","embeddable":true,"href":"https:\/\/www.laperlavalles.cat\/fr\/wp-json\/wp\/v2\/product_cat?post=197203"},{"taxonomy":"product_tag","embeddable":true,"href":"https:\/\/www.laperlavalles.cat\/fr\/wp-json\/wp\/v2\/product_tag?post=197203"}],"curies":[{"name":"wp","href":"https:\/\/api.w.org\/{rel}","templated":true}]}}