{"id":197223,"date":"2025-06-10T09:18:50","date_gmt":"2025-06-10T07:19:07","guid":{"rendered":"https:\/\/www.laperlavalles.cat\/product\/sedal-sparks-effet-soie-leger-shampooing-400ml\/"},"modified":"2025-06-30T15:52:33","modified_gmt":"2025-06-30T13:52:33","slug":"sedal-sparks-effet-soie-leger-shampooing-400ml","status":"publish","type":"product","link":"https:\/\/www.laperlavalles.cat\/fr\/produit\/sedal-sparks-effet-soie-leger-shampooing-400ml\/","title":{"rendered":"SEDAL SPARKS EFFET SOIE L\u00c9GER SHAMPOOING 400ML"},"content":{"rendered":"<p>Shampooing l\u00e9ger \u00e0 effet soie, formul\u00e9 pour nettoyer en douceur les cheveux et leur apporter de la douceur sans les alourdir. Enrichi en prot\u00e9ine de soie et agents hydratants, il laisse les cheveux doux, brillants et avec un mouvement naturel. Id\u00e9al pour tous types de cheveux et un usage quotidien.<\/p>\n","protected":false},"excerpt":{"rendered":"<p>Shampooing l\u00e9ger \u00e0 effet soie, formul\u00e9 pour nettoyer en douceur les cheveux et leur apporter de la douceur sans les alourdir. Enrichi en prot\u00e9ine de soie<span class=\"excerpt-hellip\"> [\u2026]<\/span><\/p>\n","protected":false},"featured_media":197206,"comment_status":"open","ping_status":"closed","template":"","meta":[],"product_cat":[8461,24331],"product_tag":[],"_links":{"self":[{"href":"https:\/\/www.laperlavalles.cat\/fr\/wp-json\/wp\/v2\/product\/197223"}],"collection":[{"href":"https:\/\/www.laperlavalles.cat\/fr\/wp-json\/wp\/v2\/product"}],"about":[{"href":"https:\/\/www.laperlavalles.cat\/fr\/wp-json\/wp\/v2\/types\/product"}],"replies":[{"embeddable":true,"href":"https:\/\/www.laperlavalles.cat\/fr\/wp-json\/wp\/v2\/comments?post=197223"}],"wp:featuredmedia":[{"embeddable":true,"href":"https:\/\/www.laperlavalles.cat\/fr\/wp-json\/wp\/v2\/media\/197206"}],"wp:attachment":[{"href":"https:\/\/www.laperlavalles.cat\/fr\/wp-json\/wp\/v2\/media?parent=197223"}],"wp:term":[{"taxonomy":"product_cat","embeddable":true,"href":"https:\/\/www.laperlavalles.cat\/fr\/wp-json\/wp\/v2\/product_cat?post=197223"},{"taxonomy":"product_tag","embeddable":true,"href":"https:\/\/www.laperlavalles.cat\/fr\/wp-json\/wp\/v2\/product_tag?post=197223"}],"curies":[{"name":"wp","href":"https:\/\/api.w.org\/{rel}","templated":true}]}}