{"id":198553,"date":"2025-06-10T11:32:38","date_gmt":"2025-06-10T09:32:54","guid":{"rendered":"https:\/\/www.laperlavalles.cat\/product\/vaseline-baume-a-levres-original-7g\/"},"modified":"2025-07-01T09:51:50","modified_gmt":"2025-07-01T07:51:50","slug":"vaseline-baume-a-levres-original-7g","status":"publish","type":"product","link":"https:\/\/www.laperlavalles.cat\/fr\/produit\/vaseline-baume-a-levres-original-7g\/","title":{"rendered":"VASELINE BAUME \u00c0 L\u00c8VRES ORIGINAL 7G"},"content":{"rendered":"<p>Baume \u00e0 l\u00e8vres au format compact, formul\u00e9 avec de la vaseline pure, id\u00e9al pour hydrater, adoucir et prot\u00e9ger les l\u00e8vres s\u00e8ches ou gerc\u00e9es. Offre un soulagement instantan\u00e9, retient l\u2019humidit\u00e9 et aide \u00e0 pr\u00e9venir la d\u00e9shydratation et l\u2019irritation. Sa texture non grasse et non collante est parfaite pour un usage quotidien. Laisse les l\u00e8vres avec un fini naturel et brillant, adapt\u00e9 \u00e0 tous types de peaux. Pratique \u00e0 emporter partout.<\/p>\n","protected":false},"excerpt":{"rendered":"<p>Baume \u00e0 l\u00e8vres au format compact, formul\u00e9 avec de la vaseline pure, id\u00e9al pour hydrater, adoucir et prot\u00e9ger les l\u00e8vres s\u00e8ches ou gerc\u00e9es. Offre un soulagement<span class=\"excerpt-hellip\"> [\u2026]<\/span><\/p>\n","protected":false},"featured_media":198536,"comment_status":"open","ping_status":"closed","template":"","meta":[],"product_cat":[8461,8597],"product_tag":[],"_links":{"self":[{"href":"https:\/\/www.laperlavalles.cat\/fr\/wp-json\/wp\/v2\/product\/198553"}],"collection":[{"href":"https:\/\/www.laperlavalles.cat\/fr\/wp-json\/wp\/v2\/product"}],"about":[{"href":"https:\/\/www.laperlavalles.cat\/fr\/wp-json\/wp\/v2\/types\/product"}],"replies":[{"embeddable":true,"href":"https:\/\/www.laperlavalles.cat\/fr\/wp-json\/wp\/v2\/comments?post=198553"}],"wp:featuredmedia":[{"embeddable":true,"href":"https:\/\/www.laperlavalles.cat\/fr\/wp-json\/wp\/v2\/media\/198536"}],"wp:attachment":[{"href":"https:\/\/www.laperlavalles.cat\/fr\/wp-json\/wp\/v2\/media?parent=198553"}],"wp:term":[{"taxonomy":"product_cat","embeddable":true,"href":"https:\/\/www.laperlavalles.cat\/fr\/wp-json\/wp\/v2\/product_cat?post=198553"},{"taxonomy":"product_tag","embeddable":true,"href":"https:\/\/www.laperlavalles.cat\/fr\/wp-json\/wp\/v2\/product_tag?post=198553"}],"curies":[{"name":"wp","href":"https:\/\/api.w.org\/{rel}","templated":true}]}}