{"id":200338,"date":"2025-06-11T10:52:23","date_gmt":"2025-06-11T08:52:41","guid":{"rendered":"https:\/\/www.laperlavalles.cat\/product\/chevre-fumee-morceaux-surgelee-1kg\/"},"modified":"2025-12-04T14:23:27","modified_gmt":"2025-12-04T13:23:27","slug":"chevre-fumee-morceaux-surgelee-1kg","status":"publish","type":"product","link":"https:\/\/www.laperlavalles.cat\/fr\/produit\/chevre-fumee-morceaux-surgelee-1kg\/","title":{"rendered":"CH\u00c8VRE &#8211; FUM\u00c9E MORCEAUX SURGEL\u00c9E 1KG"},"content":{"rendered":"<p>Ch\u00e8vre fum\u00e9e en morceaux, surgel\u00e9e et pr\u00eate \u00e0 cuisiner. Cette viande, typique des cuisines africaine et carib\u00e9enne, se distingue par sa saveur intense et son ar\u00f4me fum\u00e9, utilis\u00e9e dans les rago\u00fbts, soupes et plats traditionnels. Riche en prot\u00e9ines et pauvre en mati\u00e8res grasses, elle apporte une touche authentique et diff\u00e9rente \u00e0 toutes les recettes.<\/p>\n","protected":false},"excerpt":{"rendered":"<p>Ch\u00e8vre fum\u00e9e en morceaux, surgel\u00e9e et pr\u00eate \u00e0 cuisiner. Cette viande, typique des cuisines africaine et carib\u00e9enne, se distingue par sa saveur intense et son ar\u00f4me<span class=\"excerpt-hellip\"> [\u2026]<\/span><\/p>\n","protected":false},"featured_media":200321,"comment_status":"open","ping_status":"closed","template":"","meta":[],"product_cat":[10616],"product_tag":[],"_links":{"self":[{"href":"https:\/\/www.laperlavalles.cat\/fr\/wp-json\/wp\/v2\/product\/200338"}],"collection":[{"href":"https:\/\/www.laperlavalles.cat\/fr\/wp-json\/wp\/v2\/product"}],"about":[{"href":"https:\/\/www.laperlavalles.cat\/fr\/wp-json\/wp\/v2\/types\/product"}],"replies":[{"embeddable":true,"href":"https:\/\/www.laperlavalles.cat\/fr\/wp-json\/wp\/v2\/comments?post=200338"}],"wp:featuredmedia":[{"embeddable":true,"href":"https:\/\/www.laperlavalles.cat\/fr\/wp-json\/wp\/v2\/media\/200321"}],"wp:attachment":[{"href":"https:\/\/www.laperlavalles.cat\/fr\/wp-json\/wp\/v2\/media?parent=200338"}],"wp:term":[{"taxonomy":"product_cat","embeddable":true,"href":"https:\/\/www.laperlavalles.cat\/fr\/wp-json\/wp\/v2\/product_cat?post=200338"},{"taxonomy":"product_tag","embeddable":true,"href":"https:\/\/www.laperlavalles.cat\/fr\/wp-json\/wp\/v2\/product_tag?post=200338"}],"curies":[{"name":"wp","href":"https:\/\/api.w.org\/{rel}","templated":true}]}}