{"id":60610,"date":"2021-07-12T19:12:33","date_gmt":"2021-07-12T17:12:47","guid":{"rendered":"https:\/\/www.laperlavalles2.bcntic.com\/product\/lait-de-noix-coco-en-poudre-maggi-300g\/"},"modified":"2024-07-02T17:10:26","modified_gmt":"2024-07-02T15:10:26","slug":"lait-de-noix-coco-en-poudre-maggi-300g","status":"publish","type":"product","link":"https:\/\/www.laperlavalles.cat\/fr\/produit\/lait-de-noix-coco-en-poudre-maggi-300g\/","title":{"rendered":"LAIT DE NOIX COCO EN POUDRE MAGGI 300G"},"content":{"rendered":"<p>Le lait de coco en poudre Maggi Aroy-D est une pr\u00e9paration de lait en poudre pour faire une sauce orientale appel\u00e9e lait de coco, id\u00e9ale pour faire des recettes orientales traditionnelles, ou pour la cuisine fusion. La Perla distribue du lait de coco aux magasins, supermarch\u00e9s, restaurants, distributeurs, etc.<\/p>\n","protected":false},"excerpt":{"rendered":"<p>Le lait de coco en poudre Maggi Aroy-D est une pr\u00e9paration de lait en poudre pour faire une sauce orientale appel\u00e9e lait de coco, id\u00e9ale pour<span class=\"excerpt-hellip\"> [\u2026]<\/span><\/p>\n","protected":false},"featured_media":162777,"comment_status":"open","ping_status":"closed","template":"","meta":[],"product_cat":[10616],"product_tag":[],"_links":{"self":[{"href":"https:\/\/www.laperlavalles.cat\/fr\/wp-json\/wp\/v2\/product\/60610"}],"collection":[{"href":"https:\/\/www.laperlavalles.cat\/fr\/wp-json\/wp\/v2\/product"}],"about":[{"href":"https:\/\/www.laperlavalles.cat\/fr\/wp-json\/wp\/v2\/types\/product"}],"replies":[{"embeddable":true,"href":"https:\/\/www.laperlavalles.cat\/fr\/wp-json\/wp\/v2\/comments?post=60610"}],"wp:featuredmedia":[{"embeddable":true,"href":"https:\/\/www.laperlavalles.cat\/fr\/wp-json\/wp\/v2\/media\/162777"}],"wp:attachment":[{"href":"https:\/\/www.laperlavalles.cat\/fr\/wp-json\/wp\/v2\/media?parent=60610"}],"wp:term":[{"taxonomy":"product_cat","embeddable":true,"href":"https:\/\/www.laperlavalles.cat\/fr\/wp-json\/wp\/v2\/product_cat?post=60610"},{"taxonomy":"product_tag","embeddable":true,"href":"https:\/\/www.laperlavalles.cat\/fr\/wp-json\/wp\/v2\/product_tag?post=60610"}],"curies":[{"name":"wp","href":"https:\/\/api.w.org\/{rel}","templated":true}]}}